{"id":3,"date":"2023-07-25T08:44:32","date_gmt":"2023-07-25T08:44:32","guid":{"rendered":"https:\/\/aid-foundation.dev.hayloft-it.ch\/?page_id=3"},"modified":"2024-02-22T11:37:12","modified_gmt":"2024-02-22T10:37:12","slug":"datenschutz-impressum","status":"publish","type":"page","link":"https:\/\/aid-foundation.com\/it\/impronta-di-protezione-dei-dati\/","title":{"rendered":"Privacy e impronta"},"content":{"rendered":"<div style=\"height:100px\" aria-hidden=\"true\" class=\"wp-block-spacer is-style-large\"><\/div>\n\n\n\n<h2 class=\"wp-block-heading\">Impronta<\/h2>\n\n\n\n<div class=\"wp-block-columns is-layout-flex wp-container-4 wp-block-columns-is-layout-flex\">\n<div class=\"wp-block-column is-layout-flow wp-block-column-is-layout-flow\">\n<h4 class=\"wp-block-heading\">Responsabile del contenuto<\/h4>\n\n\n\n<p><strong>Alleanza per l'odontoiatria implantare (AID)<\/strong><br>Neckarsulmstrasse 28<br>2540 Grenchen<\/p>\n\n\n\n<p><a href=\"tel: 41326443280\">+41 32 644 32 80<\/a><br><a href=\"mailto:info@aid-foundation.ch\">info@aid-foundation.ch<\/a><\/p>\n<\/div>\n\n\n\n<div class=\"wp-block-column is-layout-flow wp-block-column-is-layout-flow\">\n<h4 class=\"wp-block-heading\">Concetto e design<\/h4>\n\n\n\n<p><strong>nuvio advertising agency GmbH<\/strong><br>Emmenhofstrasse 4<br>4552 Derendingen<br><a href=\"tel:0629579040\"><br><\/a><a rel=\"noreferrer noopener\" href=\"https:\/\/www.nuvio-gmbh.ch\/\" target=\"_blank\">nuvio-gmbh.ch<\/a><\/p>\n<\/div>\n\n\n\n<div class=\"wp-block-column is-layout-flow wp-block-column-is-layout-flow\">\n<h4 class=\"wp-block-heading\">Implementazione del sito web<\/h4>\n\n\n\n<p><strong>Hayloft-IT GmbH<\/strong><br>Bahnhofstrasse 50<br>5507 Mellingen<br><br><a href=\"https:\/\/www.hayloft-it.ch\/\">www.hayloft-it.ch<\/a><\/p>\n<\/div>\n<\/div>\n\n\n\n<div style=\"height:100px\" aria-hidden=\"true\" class=\"wp-block-spacer is-style-large\"><\/div>\n\n\n\n<h2 class=\"wp-block-heading\">Protezione dei dati<\/h2>\n\n\n\n<p>La presente informativa sulla privacy informa sui dati personali che trattiamo in relazione alle nostre attivit\u00e0 e operazioni, compreso il nostro sito web https:\/\/aid-foundation.com\/-Website. In particolare, forniamo informazioni su per cosa, come e dove trattiamo i dati personali. Forniamo inoltre informazioni sui diritti delle persone di cui trattiamo i dati.<\/p>\n\n\n\n<p>Singole o ulteriori attivit\u00e0 e operazioni possono essere soggette a ulteriori dichiarazioni sulla protezione dei dati e ad altri documenti legali come le condizioni generali di contratto (GTC), le condizioni di utilizzo o le condizioni di partecipazione.<\/p>\n\n\n\n<div style=\"height:100px\" aria-hidden=\"true\" class=\"wp-block-spacer is-style-normal\"><\/div>\n\n\n\n<h3 class=\"wp-block-heading\">1. indirizzo di contatto<\/h3>\n\n\n\n<p>La responsabilit\u00e0 del trattamento dei dati personali spetta a:<br><br><strong>Alleanza per l'odontoiatria implantare (AID)<\/strong><br>Neckarsulmstrasse 28<br>2540 Grenchen<\/p>\n\n\n\n<p><a rel=\"noreferrer noopener\" href=\"mailto:info@aid-foundation.com\" target=\"_blank\">info@aid-foundation.com<\/a><\/p>\n\n\n\n<div style=\"height:80px\" aria-hidden=\"true\" class=\"wp-block-spacer is-style-normal\"><\/div>\n\n\n\n<h3 class=\"wp-block-heading\">2. termini e basi giuridiche<\/h3>\n\n\n\n<h4 class=\"wp-block-heading\"><strong>2.1 Termini<\/strong><\/h4>\n\n\n\n<p>I dati personali sono tutte le informazioni relative a una persona identificata o identificabile. L'interessato \u00e8 la persona su cui vengono trattati i dati personali.<br><br>L'elaborazione comprende qualsiasi trattamento dei dati personali, indipendentemente dai mezzi e dalle procedure utilizzati, in particolare l'archiviazione, la divulgazione, l'acquisizione, la raccolta, la cancellazione, la conservazione, la modifica, la distruzione e l'utilizzo dei dati personali.<\/p>\n\n\n\n<div style=\"height:80px\" aria-hidden=\"true\" class=\"wp-block-spacer is-style-small\"><\/div>\n\n\n\n<h4 class=\"wp-block-heading\"> 2.2 Base giuridica<\/h4>\n\n\n\n<p>Trattiamo i dati personali in conformit\u00e0 alla legge svizzera sulla protezione dei dati, in particolare alla Legge federale sulla protezione dei dati (LDP, https:\/\/www.fedlex.admin.ch\/eli\/cc\/1993\/1945_1945_1945\/de) e all'Ordinanza sulla Legge federale sulla protezione dei dati (LDP, https:\/\/www.fedlex.admin.ch\/eli\/cc\/1993\/1962_1962_1962\/de).<\/p>\n\n\n\n<div style=\"height:80px\" aria-hidden=\"true\" class=\"wp-block-spacer is-style-normal\"><\/div>\n\n\n\n<h3 class=\"wp-block-heading\">3. natura, ambito e finalit\u00e0<\/h3>\n\n\n\n<p>Trattiamo i dati personali necessari per poter svolgere le nostre attivit\u00e0 e operazioni in modo permanente, facile da usare, sicuro e affidabile. Tali dati personali possono rientrare in particolare nelle categorie dei dati di inventario e di contatto, dei dati del browser e del dispositivo, dei dati di contenuto, dei meta-dati o dati marginali e dei dati di utilizzo, dei dati di localizzazione, dei dati di vendita e dei dati contrattuali e di pagamento.<br><br>Trattiamo i dati personali per la durata necessaria ai rispettivi scopi o per legge. I dati personali il cui trattamento non \u00e8 pi\u00f9 necessario vengono anonimizzati o cancellati.<br><br>I dati personali possono essere elaborati da terzi. Possiamo trattare i dati personali insieme a terzi o trasmetterli a terzi. Tali terzi sono, in particolare, fornitori specializzati di cui ci avvaliamo. Garantiamo la protezione dei dati anche a tali terzi.<br><br>Trattiamo i dati personali solo con il consenso dell'interessato, a meno che il trattamento non sia consentito da altri motivi legali. Il trattamento senza consenso pu\u00f2 essere consentito, ad esempio, per l'esecuzione di un contratto con l'interessato e per le corrispondenti misure precontrattuali, al fine di proteggere i nostri interessi legittimi prevalenti, perch\u00e9 il trattamento \u00e8 evidente dalle circostanze o dopo un'informazione preventiva.<br><br>In questo contesto, trattiamo in particolare le informazioni che un interessato ci fornisce volontariamente quando ci contatta - ad esempio, per lettera, e-mail, messaggistica istantanea, modulo di contatto, social media o telefono - o quando si registra per un account utente. Possiamo memorizzare tali informazioni, ad esempio, in una rubrica o con strumenti analoghi. Se riceviamo dati di altre persone, le persone che li trasmettono sono tenute a garantire la protezione dei dati nei confronti di queste persone e ad assicurare l'esattezza di questi dati personali.<br><br>Trattiamo anche i dati personali che riceviamo da terzi, che otteniamo da fonti pubblicamente disponibili o che raccogliamo nel corso delle nostre attivit\u00e0 e operazioni, se e nella misura in cui tale trattamento \u00e8 consentito per motivi legali.<\/p>\n\n\n\n<div style=\"height:100px\" aria-hidden=\"true\" class=\"wp-block-spacer is-style-normal\"><\/div>\n\n\n\n<h3 class=\"wp-block-heading\">4. applicazioni<\/h3>\n\n\n\n<p>Trattiamo i dati personali dei candidati nella misura in cui \u00e8 necessario per valutare la loro idoneit\u00e0 a un rapporto di lavoro o per la successiva attuazione di un contratto di lavoro. I dati personali necessari derivano in particolare dalle informazioni richieste, ad esempio nel contesto di un annuncio di lavoro. Trattiamo anche i dati personali che i candidati forniscono o pubblicano volontariamente, in particolare nell'ambito di lettere di presentazione, CV e altri documenti di candidatura, nonch\u00e9 di profili online.<\/p>\n\n\n\n<div style=\"height:100px\" aria-hidden=\"true\" class=\"wp-block-spacer is-style-normal\"><\/div>\n\n\n\n<h3 class=\"wp-block-heading\">5. dati personali all'estero<\/h3>\n\n\n\n<p>In linea di principio e ove possibile, trattiamo i dati personali in Svizzera. Tuttavia, possiamo anche divulgare o esportare i dati personali in altri paesi, in particolare per elaborarli o farli elaborare in tali paesi.<br><br>Possiamo divulgare i dati personali a tutti gli Stati e territori del mondo, a condizione che la legge di tali Stati garantisca un'adeguata protezione dei dati secondo il parere dell'Incaricato federale della protezione dei dati e della trasparenza (IFPDT) o in conformit\u00e0 a una decisione del Consiglio federale svizzero.<br><br>Possiamo divulgare i dati personali in paesi le cui leggi non garantiscono un'adeguata protezione dei dati, a condizione che l'adeguata protezione dei dati sia garantita per altri motivi, ad esempio attraverso accordi contrattuali adeguati, sulla base di clausole standard di protezione dei dati o con altre garanzie appropriate. In via eccezionale, possiamo esportare dati personali in paesi che non garantiscono una protezione adeguata o appropriata dei dati, se sono soddisfatti i requisiti speciali di protezione dei dati, ad esempio il consenso esplicito degli interessati o un collegamento diretto con la conclusione o l'esecuzione di un contratto. Saremo lieti di fornire agli interessati informazioni su eventuali garanzie o una copia delle stesse su richiesta.<\/p>\n\n\n\n<div style=\"height:100px\" aria-hidden=\"true\" class=\"wp-block-spacer is-style-normal\"><\/div>\n\n\n\n<h3 class=\"wp-block-heading\">6. diritti degli interessati<\/h3>\n\n\n\n<p>I soggetti sui quali trattiamo i dati personali hanno i diritti previsti dalla legge svizzera sulla protezione dei dati. Questi includono il diritto all'informazione e il diritto alla correzione, alla cancellazione o al blocco dei dati personali trattati.<br><br>Gli interessati che trattano dati personali hanno il diritto di ricorrere a un'autorit\u00e0 di controllo competente. L'autorit\u00e0 di controllo per la protezione dei dati in Svizzera \u00e8 l'Incaricato federale della protezione dei dati e delle informazioni (IFPDT).<\/p>\n\n\n\n<div style=\"height:100px\" aria-hidden=\"true\" class=\"wp-block-spacer is-style-normal\"><\/div>\n\n\n\n<h3 class=\"wp-block-heading\">7. sicurezza dei dati<\/h3>\n\n\n\n<p>Adottiamo misure tecniche e organizzative adeguate per garantire la sicurezza dei dati in funzione del rischio. Tuttavia, non possiamo garantire la sicurezza assoluta dei dati.<br><br>L'accesso al nostro sito web avviene tramite crittografia di trasporto (SSL \/ TLS, in particolare con l'Hypertext Transfer Protocol Secure, abbreviato HTTPS). La maggior parte dei browser indica la crittografia del trasporto con un lucchetto nella barra degli indirizzi.<br><br>La nostra comunicazione digitale \u00e8 soggetta - come tutte le comunicazioni digitali in linea di principio - alla sorveglianza di massa senza motivo o sospetto e ad altri controlli da parte delle autorit\u00e0 di sicurezza in Svizzera, nel resto d'Europa, negli Stati Uniti d'America (USA) e in altri Paesi. Non possiamo influenzare direttamente il corrispondente trattamento dei dati personali da parte di servizi segreti, agenzie di polizia e altre autorit\u00e0 di sicurezza.<\/p>\n\n\n\n<div style=\"height:100px\" aria-hidden=\"true\" class=\"wp-block-spacer is-style-normal\"><\/div>\n\n\n\n<h3 class=\"wp-block-heading\">8. utilizzo del sito web<\/h3>\n\n\n\n<h4 class=\"wp-block-heading\">8.1 Cookie<\/h4>\n\n\n\n<p>Possiamo utilizzare i cookie. I cookie - i nostri cookie (cookie di prima parte) e i cookie di terze parti di cui utilizziamo i servizi (cookie di terze parti) - sono dati memorizzati nel browser. Tali dati memorizzati non si limitano necessariamente ai tradizionali cookie in forma di testo.<br><br>I cookie possono essere memorizzati nel browser temporaneamente come \"cookie di sessione\" o per un certo periodo di tempo come cosiddetti cookie permanenti. I \"cookie di sessione\" vengono cancellati automaticamente alla chiusura del browser. I cookie permanenti hanno un periodo di conservazione specifico. I cookie consentono in particolare di riconoscere un browser alla successiva visita del nostro sito web e quindi, ad esempio, di misurare la portata del nostro sito. I cookie permanenti possono essere utilizzati anche per il marketing online, ad esempio.<br><br>I cookie possono essere disattivati e cancellati completamente o parzialmente nelle impostazioni del browser in qualsiasi momento. Senza i cookie, il nostro sito web potrebbe non essere pi\u00f9 completamente disponibile. Richiediamo attivamente - almeno se e nella misura necessaria - il consenso esplicito all'uso dei cookie. Nel caso di cookie utilizzati per la misurazione delle prestazioni e del raggio d'azione o per la pubblicit\u00e0, per numerosi servizi \u00e8 possibile un'obiezione generale (\"opt-out\") tramite il sito web&nbsp;<a rel=\"noreferrer noopener\" href=\"https:\/\/youradchoices.ca\/\" target=\"_blank\"><strong>Scelte pubblicitarie<\/strong><\/a>&nbsp;(Alleanza per la pubblicit\u00e0 digitale del Canada), la&nbsp;<a rel=\"noreferrer noopener\" href=\"https:\/\/optout.networkadvertising.org\/\" target=\"_blank\"><strong>Iniziativa pubblicitaria di rete<\/strong><\/a>&nbsp;(NAI),&nbsp;<a rel=\"noreferrer noopener\" href=\"https:\/\/optout.aboutads.info\/\" target=\"_blank\"><strong>Le vostre scelte pubblicitarie<\/strong><\/a>&nbsp;(Digital Advertising Alliance) o&nbsp;<a rel=\"noreferrer noopener\" href=\"https:\/\/www.youronlinechoices.com\/ch-de\/praferenzmanagement\" target=\"_blank\"><strong>Le vostre scelte online<\/strong><\/a>&nbsp;(European Interactive Digital Advertising Alliance, EDAA).<\/p>\n\n\n\n<div style=\"height:100px\" aria-hidden=\"true\" class=\"wp-block-spacer is-style-small\"><\/div>\n\n\n\n<h4 class=\"wp-block-heading\">8.2 File di log del server<\/h4>\n\n\n\n<p>Possiamo raccogliere le seguenti informazioni per ogni accesso al nostro sito web, a condizione che tali informazioni siano trasmesse dal vostro browser alla nostra infrastruttura server o possano essere determinate dal nostro server web: data e ora, compreso il fuso orario, indirizzo IP (Internet Protocol), stato di accesso (codice di stato HTTP), sistema operativo, compresa l'interfaccia utente e la versione, browser, compresa la lingua e la versione, singola sottopagina del nostro sito web visitata, compresa la quantit\u00e0 di dati trasferiti, sito web visitato per l'ultima volta nella stessa finestra del browser (referer o referrer).<br><br>Tali informazioni, che possono anche costituire dati personali, vengono memorizzate nei file di log del server. Le informazioni sono necessarie per fornire il nostro sito web in modo permanente, facile da usare e affidabile e per garantire la sicurezza dei dati e quindi in particolare la protezione dei dati personali - anche da parte di terzi o con l'aiuto di terzi.<\/p>\n\n\n\n<div style=\"height:100px\" aria-hidden=\"true\" class=\"wp-block-spacer is-style-small\"><\/div>\n\n\n\n<h4 class=\"wp-block-heading\">8.3 Pixel di tracciamento<\/h4>\n\n\n\n<p>Possiamo utilizzare pixel di tracciamento sul nostro sito web. I pixel di tracciamento sono noti anche come web beacon. I pixel di tracciamento - anche di terze parti di cui utilizziamo i servizi - sono piccole immagini, solitamente invisibili, che vengono recuperate automaticamente quando visitate il nostro sito web. I contatori di pixel possono essere utilizzati per raccogliere le stesse informazioni dei file di log del server.<\/p>\n\n\n\n<div style=\"height:100px\" aria-hidden=\"true\" class=\"wp-block-spacer is-style-normal\"><\/div>\n\n\n\n<h3 class=\"wp-block-heading\">9. social media<\/h3>\n\n\n\n<p>Siamo presenti sui social media e su altre piattaforme online per comunicare con le persone interessate e per fornire informazioni sulle nostre attivit\u00e0 e operazioni. In relazione a tali piattaforme, i dati personali possono essere trattati anche al di fuori della Svizzera.<br>In ogni caso, si applicano anche le Condizioni Generali (CG) e i Termini di Utilizzo, nonch\u00e9 le dichiarazioni sulla protezione dei dati e altre disposizioni dei singoli operatori di tali piattaforme. Tali disposizioni informano in particolare sui diritti degli interessati direttamente nei confronti della rispettiva piattaforma, che comprendono, ad esempio, il diritto all'informazione.<\/p>\n\n\n\n<div style=\"height:100px\" aria-hidden=\"true\" class=\"wp-block-spacer is-style-normal\"><\/div>\n\n\n\n<h3 class=\"wp-block-heading\">10. Servizi di terzi<\/h3>\n\n\n\n<p>Utilizziamo servizi forniti da terzi specializzati per svolgere le nostre attivit\u00e0 e operazioni in modo duraturo, facile da usare, sicuro e affidabile. Con tali servizi possiamo, tra l'altro, incorporare funzioni e contenuti nel nostro sito web. Nel caso di tali incorporazioni, i servizi utilizzati registrano gli indirizzi di protocollo Internet (IP) degli utenti almeno temporaneamente per motivi tecnicamente impellenti.<br>Per i necessari scopi tecnici, statistici e di sicurezza, le terze parti di cui utilizziamo i servizi possono elaborare i dati in relazione alle nostre attivit\u00e0 e operazioni in forma aggregata, anonima o pseudonimizzata. Si tratta, ad esempio, di dati sulle prestazioni o sull'utilizzo per poter offrire il relativo servizio.<\/p>\n\n\n\n<div style=\"height:100px\" aria-hidden=\"true\" class=\"wp-block-spacer is-style-small\"><\/div>\n\n\n\n<h4 class=\"wp-block-heading\">10.1 Servizi di terzi<\/h4>\n\n\n\n<p>Utilizziamo servizi di terze parti specializzate per fornirci l'infrastruttura digitale di cui abbiamo bisogno in relazione alle nostre attivit\u00e0 e operazioni. Si tratta, ad esempio, di servizi di hosting e di archiviazione forniti da fornitori selezionati.<br><br>Utilizziamo in particolare:<br><br><strong>Metanet<br><\/strong>Hosting; Provider: Metanet, Josefstrasse 218, 8005 Z\u00fcrichGmbH (Svizzera); Informazioni sulla protezione dei dati: https:\/\/www.metanet.ch\/de\/ueber-metanet\/datenschutzerklaerung<br><br><strong>I dati di cui sopra saranno da noi trattati per le seguenti finalit\u00e0:<\/strong><br>Per assicurare una connessione fluida del sito web, per garantire un uso confortevole e una presentazione affidabile del nostro sito web, per valutare la sicurezza e la stabilit\u00e0 del sistema, nonch\u00e9 per ulteriori scopi amministrativi e in caso di uso illegale del nostro sito web o dei nostri servizi.<br>Nell'ambito di applicazione del GDPR, il trattamento di questi dati si basa sul nostro legittimo interesse (art. 6 par. 1 lett. f GDPR) in conformit\u00e0 agli scopi sopra elencati.<\/p>\n\n\n\n<div style=\"height:100px\" aria-hidden=\"true\" class=\"wp-block-spacer is-style-normal\"><\/div>\n\n\n\n<h3 class=\"wp-block-heading\">11. misurazione del successo e della portata<\/h3>\n\n\n\n<p>Utilizziamo servizi e programmi per determinare l'utilizzo della nostra offerta online. Ad esempio, possiamo misurare il successo e la portata delle nostre attivit\u00e0 e operazioni e l'impatto dei link di terzi al nostro sito web. Tuttavia, possiamo anche, ad esempio, testare e confrontare l'utilizzo di diverse versioni della nostra offerta online o di parti della nostra offerta online (metodo \"A\/B test\"). Sulla base dei risultati della misurazione del successo e della portata, possiamo in particolare correggere gli errori, rafforzare i contenuti pi\u00f9 popolari o apportare miglioramenti alla nostra offerta online.<br><br>Quando si utilizzano servizi e programmi per la misurazione delle prestazioni e della portata, \u00e8 necessario memorizzare gli indirizzi IP (Internet Protocol) dei singoli utenti. Gli indirizzi IP vengono sempre abbreviati (\"mascheratura IP\") per seguire il principio dell'economia dei dati attraverso la corrispondente pseudonimizzazione e quindi per migliorare la protezione dei dati degli utenti.<br><br>Quando si utilizzano servizi e programmi per la misurazione delle prestazioni e della portata, \u00e8 possibile che vengano utilizzati dei cookie e che vengano creati dei profili utente. I profili utente comprendono, ad esempio, le pagine visitate o i contenuti visualizzati sul nostro sito web, informazioni sulle dimensioni dello schermo o della finestra del browser e la posizione - almeno approssimativa -. In linea di principio, i profili utente vengono creati solo in forma pseudonima. Non utilizziamo i profili utente per identificare i singoli utenti. I singoli servizi di terzi presso i quali gli utenti sono registrati possono assegnare l'utilizzo dei nostri servizi online all'account utente o al profilo utente del rispettivo servizio.<br><br><a rel=\"noreferrer noopener\" href=\"https:\/\/analytics.google.com\/analytics\/web\/\" target=\"_blank\"><strong>Google Analytics<\/strong>:&nbsp;<\/a>Misurazione delle prestazioni e della portata; provider: Google; dati specifici di Google Analytics: Misurazione anche su diversi browser e dispositivi (cross-device tracking) e con indirizzi IP (Internet Protocol) pseudonimizzati, che possono essere&nbsp;<em>eccezionalmente<\/em>&nbsp;essere trasferita integralmente a Google negli Stati Uniti\".<a rel=\"noreferrer noopener\" href=\"https:\/\/support.google.com\/analytics\/answer\/6004245?hl=de\" target=\"_blank\"><strong>Protezione dei dati<\/strong><\/a>\", \"<a rel=\"noreferrer noopener\" href=\"https:\/\/tools.google.com\/dlpage\/gaoptout\" target=\"_blank\"><strong>Componente aggiuntivo del browser per disattivare Google Analytics<\/strong><\/a>\".<\/p>\n\n\n\n<div style=\"height:100px\" aria-hidden=\"true\" class=\"wp-block-spacer is-style-normal\"><\/div>\n\n\n\n<h3 class=\"wp-block-heading\">12. disposizioni finali<\/h3>\n\n\n\n<p>Possiamo adeguare e integrare la presente dichiarazione sulla protezione dei dati in qualsiasi momento. Informeremo di tali adeguamenti e integrazioni in forma adeguata, in particolare pubblicando la rispettiva dichiarazione sulla protezione dei dati in vigore sul nostro sito web.<\/p>\n\n\n\n<div style=\"height:100px\" aria-hidden=\"true\" class=\"wp-block-spacer is-style-huge\"><\/div>","protected":false},"excerpt":{"rendered":"<p>Imprint Responsabile dei contenuti Alliance for Implant Dentistry (AID)Neckarsulmstrasse 282540 Grenchen +41 32 644 32 80info@aid-foundation.ch Ideazione e design nuvio Werbeagentur GmbHEmmenhofstrasse 44552 Derendingennuvio-gmbh.ch Realizzazione del sito web Hayloft-IT GmbHBahnhofstrasse 505507 Mellingen www.hayloft-it.ch Protezione dei dati Con la presente dichiarazione sulla protezione dei dati vi informiamo su quali dati personali trattiamo in relazione alle nostre attivit\u00e0 e operazioni, incluso il nostro https:\/\/aid-foundation.com\/-Website. In particolare, vi informiamo [...]<\/p>","protected":false},"author":1,"featured_media":0,"parent":0,"menu_order":0,"comment_status":"closed","ping_status":"open","template":"","meta":{"footnotes":""},"acf":[],"_links":{"self":[{"href":"https:\/\/aid-foundation.com\/it\/wp-json\/wp\/v2\/pages\/3"}],"collection":[{"href":"https:\/\/aid-foundation.com\/it\/wp-json\/wp\/v2\/pages"}],"about":[{"href":"https:\/\/aid-foundation.com\/it\/wp-json\/wp\/v2\/types\/page"}],"author":[{"embeddable":true,"href":"https:\/\/aid-foundation.com\/it\/wp-json\/wp\/v2\/users\/1"}],"replies":[{"embeddable":true,"href":"https:\/\/aid-foundation.com\/it\/wp-json\/wp\/v2\/comments?post=3"}],"version-history":[{"count":12,"href":"https:\/\/aid-foundation.com\/it\/wp-json\/wp\/v2\/pages\/3\/revisions"}],"predecessor-version":[{"id":1054,"href":"https:\/\/aid-foundation.com\/it\/wp-json\/wp\/v2\/pages\/3\/revisions\/1054"}],"wp:attachment":[{"href":"https:\/\/aid-foundation.com\/it\/wp-json\/wp\/v2\/media?parent=3"}],"curies":[{"name":"wp","href":"https:\/\/api.w.org\/{rel}","templated":true}]}}