{"id":52,"date":"2023-07-26T11:45:42","date_gmt":"2023-07-26T09:45:42","guid":{"rendered":"https:\/\/aid-foundation.dev.hayloft-it.ch\/?page_id=52"},"modified":"2026-03-30T08:43:35","modified_gmt":"2026-03-30T06:43:35","slug":"angebot","status":"publish","type":"page","link":"https:\/\/aid-foundation.com\/fr\/offre\/","title":{"rendered":"Offre"},"content":{"rendered":"<div class=\"wp-block-media-text alignfull has-media-on-the-right is-stacked-on-mobile is-vertically-aligned-center hero-with-offset-text\"><div class=\"wp-block-media-text__content\">\n<h1 class=\"wp-block-heading is-style-tagline\">Offre<\/h1>\n\n\n\n<p>Un soutien innovant pour ta r\u00e9ussite : d\u00e9couvre notre large \u00e9ventail d'offres.<\/p>\n<\/div><figure class=\"wp-block-media-text__media\" data-no-zoom=\"true\"><img decoding=\"async\" loading=\"lazy\" width=\"1024\" height=\"683\" src=\"https:\/\/aid-foundation.com\/wp-content\/uploads\/2023\/08\/head-angebot-1-1024x683.webp\" alt=\"\" class=\"wp-image-610 size-full\" srcset=\"https:\/\/aid-foundation.com\/wp-content\/uploads\/2023\/08\/head-angebot-1-1024x683.webp 1024w, https:\/\/aid-foundation.com\/wp-content\/uploads\/2023\/08\/head-angebot-1-300x200.webp 300w, https:\/\/aid-foundation.com\/wp-content\/uploads\/2023\/08\/head-angebot-1-768x512.webp 768w, https:\/\/aid-foundation.com\/wp-content\/uploads\/2023\/08\/head-angebot-1-1536x1024.webp 1536w, https:\/\/aid-foundation.com\/wp-content\/uploads\/2023\/08\/head-angebot-1-18x12.webp 18w, https:\/\/aid-foundation.com\/wp-content\/uploads\/2023\/08\/head-angebot-1.png 1600w\" sizes=\"(max-width: 1024px) 100vw, 1024px\" \/><\/figure><\/div>\n\n\n\n<ul class=\"fixed-anchor-navigation alignfull\">\n<li><a href=\"#mentorenprogramm\">Mentorat<\/a><\/li>\n\n\n\n<li><a href=\"#jahrestagung\">Symposium<\/a><\/li>\n\n\n\n<li>AID <a href=\"#mygenerationsymposium\" data-type=\"internal\" data-id=\"#mygeneration\">my Generation<\/a>&nbsp;Symposium<\/li>\n\n\n\n<li><a href=\"#mygenerationacademy\" data-type=\"internal\" data-id=\"#mygeneration\">AID my Generation Academy<\/a><\/li>\n\n\n\n<li><a href=\"#coachingprogramm\" data-type=\"internal\" data-id=\"#coachingprogramm\">Coaching<\/a><\/li>\n<\/ul>\n\n\n\n<h2 class=\"wp-block-heading is-style-h2\" id=\"mentorenprogramm\">Mentorat<\/h2>\n\n\n\n<ul class=\"is-style-plus has-medium-large-font-size\">\n<li>Avec notre mentoring, nous permettons aux participants, en collaboration avec des \u00e9quipes de mentors, d'avoir un \u00e9change pr\u00e9cieux d'\u00e9gal \u00e0 \u00e9gal, qui offre une v\u00e9ritable valeur ajout\u00e9e. Actuellement, le mentoring n'est disponible qu'en allemand.<\/li>\n<\/ul>\n\n\n\n<div style=\"height:100px\" aria-hidden=\"true\" class=\"wp-block-spacer is-style-small\"><\/div>\n\n\n\n<div class=\"wp-block-buttons is-layout-flex wp-block-buttons-is-layout-flex\">\n<div class=\"wp-block-button\"><a class=\"wp-block-button__link wp-element-button\" href=\"https:\/\/aid-foundation.com\/wp-content\/uploads\/2024\/11\/RZ_AID_Flyer_Mentorenprogramm_2025_WEB.pdf\" target=\"_blank\" rel=\"noreferrer noopener\">Le mentorat en 2025<\/a><\/div>\n<\/div>\n\n\n\n<div style=\"height:30px\" aria-hidden=\"true\" class=\"wp-block-spacer is-style-small\"><\/div>\n\n\n\n<div><div style=\"padding:52.73% 0 0 0;position:relative;\"><iframe src=\"https:\/\/player.vimeo.com\/video\/986246758?h=11d68c4602&title=0&byline=0&portrait=0\" style=\"position:absolute;top:0;left:0;width:100%;height:100%;\" frameborder=\"0\" allow=\"autoplay; fullscreen; picture-in-picture\" allowfullscreen><\/iframe><\/div><script src=\"https:\/\/player.vimeo.com\/api\/player.js\"><\/script><\/div>\n\n\n\n<div style=\"height:100px\" aria-hidden=\"true\" class=\"wp-block-spacer is-style-small\"><\/div>\n\n\n\n<div class=\"wp-block-group alignfull is-layout-constrained wp-block-group-is-layout-constrained\">\n<p class=\"has-medium-font-size\">Le mentoring offre la possibilit\u00e9 de se mettre en r\u00e9seau avec des personnes partageant les m\u00eames id\u00e9es et de discuter de questions cliniques sur des cas choisis - \u00e0 la fondation AID, le savoir est partag\u00e9 ! Les participants sont invit\u00e9s \u00e0 pr\u00e9senter bri\u00e8vement leurs propres cas, qui seront ensuite discut\u00e9s en groupe. L'accent est mis sur le fait qu'il ne s'agit pas d'un expos\u00e9 de l'\u00e9quipe de mentors, mais d'un dialogue intensif entre tous les participants. Profite de notre communaut\u00e9 vibrante d'experts et inscris-toi d\u00e8s aujourd'hui.<\/p>\n\n\n\n<div style=\"height:20px\" aria-hidden=\"true\" class=\"wp-block-spacer is-style-default\"><\/div>\n<\/div>\n\n\n\n<div class=\"wp-block-buttons is-layout-flex wp-block-buttons-is-layout-flex\">\n<div class=\"wp-block-button\"><a class=\"wp-block-button__link wp-element-button\" href=\"https:\/\/aid-foundation.com\/fr\/calendrier-des-evenements\/\">vers les \u00e9v\u00e9nements<\/a><\/div>\n<\/div>\n\n\n\n<div style=\"height:100px\" aria-hidden=\"true\" class=\"wp-block-spacer is-style-normal\"><\/div>\n\n\n\n<div class=\"wp-block-group alignfull is-pattern-shifted-layers has-accent-background-color has-background is-layout-flow wp-block-group-is-layout-flow\">\n<h3 class=\"wp-block-heading\">D\u00e9roulement et conditions g\u00e9n\u00e9rales<\/h3>\n\n\n<div class=\"accordion wp-block-acf-accordion\">\n            <div class=\"accordion-item\">\n            <h2 class=\"accordion-header\" id=\"69ec7689c0313-heading\">\n                <button class=\"accordion-button collapsed\" type=\"button\" data-bs-toggle=\"collapse\" data-bs-target=\"#69ec7689c0313\" aria-expanded=\"false\" aria-controls=\"69ec7689c0313\">\n                    Mentoring \u00e0 4 occasions                <\/button>\n            <\/h2>\n            <div id=\"69ec7689c0313\" class=\"accordion-collapse collapse\" aria-labelledby=\"69ec7689c0313-heading\" data-bs-parent=\"#69ec7689c0313\">\n                <div class=\"accordion-body\">\n                    <p>Le mentoring se compose de 4 rencontres au total, d'une dur\u00e9e de 2 heures chacune. Les frais de participation s'\u00e9l\u00e8vent \u00e0 400 CHF pour les 4 rencontres et sont cr\u00e9dit\u00e9s de 10 heures de formation continue.<\/p>\n                <\/div>\n            <\/div>\n        <\/div>\n            <div class=\"accordion-item\">\n            <h2 class=\"accordion-header\" id=\"69ec7689c0315-heading\">\n                <button class=\"accordion-button collapsed\" type=\"button\" data-bs-toggle=\"collapse\" data-bs-target=\"#69ec7689c0315\" aria-expanded=\"false\" aria-controls=\"69ec7689c0315\">\n                    D\u00e9roulement des \u00e9v\u00e9nements                <\/button>\n            <\/h2>\n            <div id=\"69ec7689c0315\" class=\"accordion-collapse collapse\" aria-labelledby=\"69ec7689c0315-heading\" data-bs-parent=\"#69ec7689c0315\">\n                <div class=\"accordion-body\">\n                    <p>Les th\u00e8mes et les cas cliniques pour la prochaine rencontre seront d\u00e9finis pendant l'\u00e9v\u00e9nement en cours. Avant le premier \u00e9v\u00e9nement, les \u00e9quipes de mentorat respectives prendront contact avec les participants \u00e0 l'avance afin de se mettre d'accord.<\/p>\n<p>Afin de permettre une discussion int\u00e9ressante et informative, nous demandons \u00e0 tous les participants de pr\u00e9parer la documentation de leurs cas (quelques photos et radiographies suffisent) et de l'apporter sur une cl\u00e9 USB sous Keynote ou PowerPoint.<\/p>\n<p>Un service de restauration est pr\u00e9vu.<\/p>\n                <\/div>\n            <\/div>\n        <\/div>\n            <div class=\"accordion-item\">\n            <h2 class=\"accordion-header\" id=\"69ec7689c0316-heading\">\n                <button class=\"accordion-button collapsed\" type=\"button\" data-bs-toggle=\"collapse\" data-bs-target=\"#69ec7689c0316\" aria-expanded=\"false\" aria-controls=\"69ec7689c0316\">\n                    Conditions de participation                <\/button>\n            <\/h2>\n            <div id=\"69ec7689c0316\" class=\"accordion-collapse collapse\" aria-labelledby=\"69ec7689c0316-heading\" data-bs-parent=\"#69ec7689c0316\">\n                <div class=\"accordion-body\">\n                    <p><strong>Pour participer, il faut \u00eatre membre de l'AID.<\/strong><\/p>\n<p>Le nombre de participants par programme est limit\u00e9 \u00e0 15.<\/p>\n<p>Pour le mentoring avec 4 rencontres, une participation \u00e0 au moins 3 \u00e9v\u00e9nements est attendue.<\/p>\n<p>Il est possible de rejoindre des programmes en cours. N'h\u00e9site pas \u00e0 nous contacter et \u00e0 nous indiquer le cours qui t'int\u00e9resse. S'il y a encore des possibilit\u00e9s de s'inscrire, nous t'accepterons tr\u00e8s volontiers dans le programme en tant que membre.<\/p>\n                <\/div>\n            <\/div>\n        <\/div>\n    <\/div><\/div>\n\n\n\n<div style=\"height:125px\" aria-hidden=\"true\" class=\"wp-block-spacer is-style-huge\"><\/div>\n\n\n\n<div class=\"wp-block-group alignwide is-layout-constrained wp-block-group-is-layout-constrained\">\n<h2 class=\"wp-block-heading\" id=\"jahrestagung\">Symposium de l'AID<\/h2>\n\n\n\n<ul class=\"is-style-plus\">\n<li class=\"has-medium-large-font-size\">Transf\u00e9rer les connaissances en m\u00e9decine dentaire non seulement par des expos\u00e9s, mais aussi d\u00e9lib\u00e9r\u00e9ment par un dialogue actif et r\u00e9ciproque, telle est la recette du succ\u00e8s de nos pr\u00e9c\u00e9dents symposiums. <\/li>\n<\/ul>\n\n\n\n<div style=\"height:100px\" aria-hidden=\"true\" class=\"wp-block-spacer\"><\/div>\n\n\n\n<h3 class=\"wp-block-heading\">R\u00e9trospective AID Symposium 2025<\/h3>\n\n\n\n<p><\/p>\n<\/div>\n\n\n\n<div><div style=\"padding:52.73% 0 0 0;position:relative;\"><iframe src=\"https:\/\/player.vimeo.com\/video\/1128180474?h=11d68c4602&title=0&byline=0&portrait=0\" style=\"position:absolute;top:0;left:0;width:100%;height:100%;\" frameborder=\"0\" allow=\"autoplay; fullscreen; picture-in-picture\" allowfullscreen><\/iframe><\/div><script src=\"https:\/\/player.vimeo.com\/api\/player.js\"><\/script><\/div>\n\n\n\n<div style=\"height:130px\" aria-hidden=\"true\" class=\"wp-block-spacer is-style-normal\"><\/div>\n\n\n\n<h3 class=\"wp-block-heading\">Impressions AID Symposium 2025<\/h3>\n\n\n\n<p><\/p>\n\n\n<div style=\"--aspect-ratio: 16\/9\" class=\"blaze-slider wp-block-acf-image-slider\" data-slides-to-show=\"1\" data-loop=\"1\" data-crop=\"true\">\n    <div class=\"blaze-container\">\n        <div class=\"blaze-track-container\">\n            <div class=\"blaze-track\">\n                                    <img loading=\"lazy\" width=\"2560\" height=\"1783\" src=\"https:\/\/aid-foundation.com\/wp-content\/uploads\/2025\/10\/AID-Symposium-Oktober-2025-scaled.webp\" class=\"attachment-full size-full\" alt=\"\" decoding=\"async\" srcset=\"https:\/\/aid-foundation.com\/wp-content\/uploads\/2025\/10\/AID-Symposium-Oktober-2025-scaled.webp 2560w, https:\/\/aid-foundation.com\/wp-content\/uploads\/2025\/10\/AID-Symposium-Oktober-2025-300x209.webp 300w, https:\/\/aid-foundation.com\/wp-content\/uploads\/2025\/10\/AID-Symposium-Oktober-2025-1024x713.webp 1024w, https:\/\/aid-foundation.com\/wp-content\/uploads\/2025\/10\/AID-Symposium-Oktober-2025-768x535.webp 768w, https:\/\/aid-foundation.com\/wp-content\/uploads\/2025\/10\/AID-Symposium-Oktober-2025-1536x1070.webp 1536w, https:\/\/aid-foundation.com\/wp-content\/uploads\/2025\/10\/AID-Symposium-Oktober-2025-2048x1427.webp 2048w, https:\/\/aid-foundation.com\/wp-content\/uploads\/2025\/10\/AID-Symposium-Oktober-2025-18x12.webp 18w\" sizes=\"(max-width: 2560px) 100vw, 2560px\" \/>                                    <img loading=\"lazy\" width=\"2560\" height=\"1783\" src=\"https:\/\/aid-foundation.com\/wp-content\/uploads\/2025\/10\/AID-Symposium-Oktober-20252-scaled.webp\" class=\"attachment-full size-full\" alt=\"\" decoding=\"async\" srcset=\"https:\/\/aid-foundation.com\/wp-content\/uploads\/2025\/10\/AID-Symposium-Oktober-20252-scaled.webp 2560w, https:\/\/aid-foundation.com\/wp-content\/uploads\/2025\/10\/AID-Symposium-Oktober-20252-300x209.webp 300w, https:\/\/aid-foundation.com\/wp-content\/uploads\/2025\/10\/AID-Symposium-Oktober-20252-1024x713.webp 1024w, https:\/\/aid-foundation.com\/wp-content\/uploads\/2025\/10\/AID-Symposium-Oktober-20252-768x535.webp 768w, https:\/\/aid-foundation.com\/wp-content\/uploads\/2025\/10\/AID-Symposium-Oktober-20252-1536x1070.webp 1536w, https:\/\/aid-foundation.com\/wp-content\/uploads\/2025\/10\/AID-Symposium-Oktober-20252-2048x1427.webp 2048w, https:\/\/aid-foundation.com\/wp-content\/uploads\/2025\/10\/AID-Symposium-Oktober-20252-18x12.webp 18w\" sizes=\"(max-width: 2560px) 100vw, 2560px\" \/>                                    <img loading=\"lazy\" width=\"2560\" height=\"1783\" src=\"https:\/\/aid-foundation.com\/wp-content\/uploads\/2025\/10\/AID-Symposium-Oktober-2025-2-scaled.webp\" class=\"attachment-full size-full\" alt=\"\" decoding=\"async\" srcset=\"https:\/\/aid-foundation.com\/wp-content\/uploads\/2025\/10\/AID-Symposium-Oktober-2025-2-scaled.webp 2560w, https:\/\/aid-foundation.com\/wp-content\/uploads\/2025\/10\/AID-Symposium-Oktober-2025-2-300x209.webp 300w, https:\/\/aid-foundation.com\/wp-content\/uploads\/2025\/10\/AID-Symposium-Oktober-2025-2-1024x713.webp 1024w, https:\/\/aid-foundation.com\/wp-content\/uploads\/2025\/10\/AID-Symposium-Oktober-2025-2-768x535.webp 768w, https:\/\/aid-foundation.com\/wp-content\/uploads\/2025\/10\/AID-Symposium-Oktober-2025-2-1536x1070.webp 1536w, https:\/\/aid-foundation.com\/wp-content\/uploads\/2025\/10\/AID-Symposium-Oktober-2025-2-2048x1427.webp 2048w, https:\/\/aid-foundation.com\/wp-content\/uploads\/2025\/10\/AID-Symposium-Oktober-2025-2-18x12.webp 18w\" sizes=\"(max-width: 2560px) 100vw, 2560px\" \/>                                    <img loading=\"lazy\" width=\"2560\" height=\"1783\" src=\"https:\/\/aid-foundation.com\/wp-content\/uploads\/2025\/10\/AID-Symposium-Oktober-20253-scaled.webp\" class=\"attachment-full size-full\" alt=\"\" decoding=\"async\" srcset=\"https:\/\/aid-foundation.com\/wp-content\/uploads\/2025\/10\/AID-Symposium-Oktober-20253-scaled.webp 2560w, https:\/\/aid-foundation.com\/wp-content\/uploads\/2025\/10\/AID-Symposium-Oktober-20253-300x209.webp 300w, https:\/\/aid-foundation.com\/wp-content\/uploads\/2025\/10\/AID-Symposium-Oktober-20253-1024x713.webp 1024w, https:\/\/aid-foundation.com\/wp-content\/uploads\/2025\/10\/AID-Symposium-Oktober-20253-768x535.webp 768w, https:\/\/aid-foundation.com\/wp-content\/uploads\/2025\/10\/AID-Symposium-Oktober-20253-1536x1070.webp 1536w, https:\/\/aid-foundation.com\/wp-content\/uploads\/2025\/10\/AID-Symposium-Oktober-20253-2048x1427.webp 2048w, https:\/\/aid-foundation.com\/wp-content\/uploads\/2025\/10\/AID-Symposium-Oktober-20253-18x12.webp 18w\" sizes=\"(max-width: 2560px) 100vw, 2560px\" \/>                                    <img loading=\"lazy\" width=\"2560\" height=\"1783\" src=\"https:\/\/aid-foundation.com\/wp-content\/uploads\/2025\/10\/AID-Symposium-Oktober-20254-scaled.webp\" class=\"attachment-full size-full\" alt=\"\" decoding=\"async\" srcset=\"https:\/\/aid-foundation.com\/wp-content\/uploads\/2025\/10\/AID-Symposium-Oktober-20254-scaled.webp 2560w, https:\/\/aid-foundation.com\/wp-content\/uploads\/2025\/10\/AID-Symposium-Oktober-20254-300x209.webp 300w, https:\/\/aid-foundation.com\/wp-content\/uploads\/2025\/10\/AID-Symposium-Oktober-20254-1024x713.webp 1024w, https:\/\/aid-foundation.com\/wp-content\/uploads\/2025\/10\/AID-Symposium-Oktober-20254-768x535.webp 768w, https:\/\/aid-foundation.com\/wp-content\/uploads\/2025\/10\/AID-Symposium-Oktober-20254-1536x1070.webp 1536w, https:\/\/aid-foundation.com\/wp-content\/uploads\/2025\/10\/AID-Symposium-Oktober-20254-2048x1427.webp 2048w, https:\/\/aid-foundation.com\/wp-content\/uploads\/2025\/10\/AID-Symposium-Oktober-20254-18x12.webp 18w\" sizes=\"(max-width: 2560px) 100vw, 2560px\" \/>                                    <img loading=\"lazy\" width=\"2560\" height=\"1783\" src=\"https:\/\/aid-foundation.com\/wp-content\/uploads\/2025\/10\/AID-Symposium-Oktober-20256-scaled.webp\" class=\"attachment-full size-full\" alt=\"\" decoding=\"async\" srcset=\"https:\/\/aid-foundation.com\/wp-content\/uploads\/2025\/10\/AID-Symposium-Oktober-20256-scaled.webp 2560w, https:\/\/aid-foundation.com\/wp-content\/uploads\/2025\/10\/AID-Symposium-Oktober-20256-300x209.webp 300w, https:\/\/aid-foundation.com\/wp-content\/uploads\/2025\/10\/AID-Symposium-Oktober-20256-1024x713.webp 1024w, https:\/\/aid-foundation.com\/wp-content\/uploads\/2025\/10\/AID-Symposium-Oktober-20256-768x535.webp 768w, https:\/\/aid-foundation.com\/wp-content\/uploads\/2025\/10\/AID-Symposium-Oktober-20256-1536x1070.webp 1536w, https:\/\/aid-foundation.com\/wp-content\/uploads\/2025\/10\/AID-Symposium-Oktober-20256-2048x1427.webp 2048w, https:\/\/aid-foundation.com\/wp-content\/uploads\/2025\/10\/AID-Symposium-Oktober-20256-18x12.webp 18w\" sizes=\"(max-width: 2560px) 100vw, 2560px\" \/>                                    <img loading=\"lazy\" width=\"2560\" height=\"1783\" src=\"https:\/\/aid-foundation.com\/wp-content\/uploads\/2025\/10\/AID-Symposium-Oktober-20257-scaled.webp\" class=\"attachment-full size-full\" alt=\"\" decoding=\"async\" srcset=\"https:\/\/aid-foundation.com\/wp-content\/uploads\/2025\/10\/AID-Symposium-Oktober-20257-scaled.webp 2560w, https:\/\/aid-foundation.com\/wp-content\/uploads\/2025\/10\/AID-Symposium-Oktober-20257-300x209.webp 300w, https:\/\/aid-foundation.com\/wp-content\/uploads\/2025\/10\/AID-Symposium-Oktober-20257-1024x713.webp 1024w, https:\/\/aid-foundation.com\/wp-content\/uploads\/2025\/10\/AID-Symposium-Oktober-20257-768x535.webp 768w, https:\/\/aid-foundation.com\/wp-content\/uploads\/2025\/10\/AID-Symposium-Oktober-20257-1536x1070.webp 1536w, https:\/\/aid-foundation.com\/wp-content\/uploads\/2025\/10\/AID-Symposium-Oktober-20257-2048x1427.webp 2048w, https:\/\/aid-foundation.com\/wp-content\/uploads\/2025\/10\/AID-Symposium-Oktober-20257-18x12.webp 18w\" sizes=\"(max-width: 2560px) 100vw, 2560px\" \/>                                    <img loading=\"lazy\" width=\"2560\" height=\"1783\" src=\"https:\/\/aid-foundation.com\/wp-content\/uploads\/2025\/10\/AID-Symposium-Oktober-20258-scaled.webp\" class=\"attachment-full size-full\" alt=\"\" decoding=\"async\" srcset=\"https:\/\/aid-foundation.com\/wp-content\/uploads\/2025\/10\/AID-Symposium-Oktober-20258-scaled.webp 2560w, https:\/\/aid-foundation.com\/wp-content\/uploads\/2025\/10\/AID-Symposium-Oktober-20258-300x209.webp 300w, https:\/\/aid-foundation.com\/wp-content\/uploads\/2025\/10\/AID-Symposium-Oktober-20258-1024x713.webp 1024w, https:\/\/aid-foundation.com\/wp-content\/uploads\/2025\/10\/AID-Symposium-Oktober-20258-768x535.webp 768w, https:\/\/aid-foundation.com\/wp-content\/uploads\/2025\/10\/AID-Symposium-Oktober-20258-1536x1070.webp 1536w, https:\/\/aid-foundation.com\/wp-content\/uploads\/2025\/10\/AID-Symposium-Oktober-20258-2048x1427.webp 2048w, https:\/\/aid-foundation.com\/wp-content\/uploads\/2025\/10\/AID-Symposium-Oktober-20258-18x12.webp 18w\" sizes=\"(max-width: 2560px) 100vw, 2560px\" \/>                                    <img loading=\"lazy\" width=\"2560\" height=\"1783\" src=\"https:\/\/aid-foundation.com\/wp-content\/uploads\/2025\/10\/AID-Symposium-Oktober-20259-scaled.webp\" class=\"attachment-full size-full\" alt=\"\" decoding=\"async\" srcset=\"https:\/\/aid-foundation.com\/wp-content\/uploads\/2025\/10\/AID-Symposium-Oktober-20259-scaled.webp 2560w, https:\/\/aid-foundation.com\/wp-content\/uploads\/2025\/10\/AID-Symposium-Oktober-20259-300x209.webp 300w, https:\/\/aid-foundation.com\/wp-content\/uploads\/2025\/10\/AID-Symposium-Oktober-20259-1024x713.webp 1024w, https:\/\/aid-foundation.com\/wp-content\/uploads\/2025\/10\/AID-Symposium-Oktober-20259-768x535.webp 768w, https:\/\/aid-foundation.com\/wp-content\/uploads\/2025\/10\/AID-Symposium-Oktober-20259-1536x1070.webp 1536w, https:\/\/aid-foundation.com\/wp-content\/uploads\/2025\/10\/AID-Symposium-Oktober-20259-2048x1427.webp 2048w, https:\/\/aid-foundation.com\/wp-content\/uploads\/2025\/10\/AID-Symposium-Oktober-20259-18x12.webp 18w\" sizes=\"(max-width: 2560px) 100vw, 2560px\" \/>                                    <img loading=\"lazy\" width=\"2560\" height=\"1783\" src=\"https:\/\/aid-foundation.com\/wp-content\/uploads\/2025\/10\/AID-Symposium-Oktober-2025-25-scaled.webp\" class=\"attachment-full size-full\" alt=\"\" decoding=\"async\" srcset=\"https:\/\/aid-foundation.com\/wp-content\/uploads\/2025\/10\/AID-Symposium-Oktober-2025-25-scaled.webp 2560w, https:\/\/aid-foundation.com\/wp-content\/uploads\/2025\/10\/AID-Symposium-Oktober-2025-25-300x209.webp 300w, https:\/\/aid-foundation.com\/wp-content\/uploads\/2025\/10\/AID-Symposium-Oktober-2025-25-1024x713.webp 1024w, https:\/\/aid-foundation.com\/wp-content\/uploads\/2025\/10\/AID-Symposium-Oktober-2025-25-768x535.webp 768w, https:\/\/aid-foundation.com\/wp-content\/uploads\/2025\/10\/AID-Symposium-Oktober-2025-25-1536x1070.webp 1536w, https:\/\/aid-foundation.com\/wp-content\/uploads\/2025\/10\/AID-Symposium-Oktober-2025-25-2048x1427.webp 2048w, https:\/\/aid-foundation.com\/wp-content\/uploads\/2025\/10\/AID-Symposium-Oktober-2025-25-18x12.webp 18w\" sizes=\"(max-width: 2560px) 100vw, 2560px\" \/>                                    <img loading=\"lazy\" width=\"2560\" height=\"1783\" src=\"https:\/\/aid-foundation.com\/wp-content\/uploads\/2025\/10\/AID-Symposium-Oktober-202512-scaled.webp\" class=\"attachment-full size-full\" alt=\"\" decoding=\"async\" srcset=\"https:\/\/aid-foundation.com\/wp-content\/uploads\/2025\/10\/AID-Symposium-Oktober-202512-scaled.webp 2560w, https:\/\/aid-foundation.com\/wp-content\/uploads\/2025\/10\/AID-Symposium-Oktober-202512-300x209.webp 300w, https:\/\/aid-foundation.com\/wp-content\/uploads\/2025\/10\/AID-Symposium-Oktober-202512-1024x713.webp 1024w, https:\/\/aid-foundation.com\/wp-content\/uploads\/2025\/10\/AID-Symposium-Oktober-202512-768x535.webp 768w, https:\/\/aid-foundation.com\/wp-content\/uploads\/2025\/10\/AID-Symposium-Oktober-202512-1536x1070.webp 1536w, https:\/\/aid-foundation.com\/wp-content\/uploads\/2025\/10\/AID-Symposium-Oktober-202512-2048x1427.webp 2048w, https:\/\/aid-foundation.com\/wp-content\/uploads\/2025\/10\/AID-Symposium-Oktober-202512-18x12.webp 18w\" sizes=\"(max-width: 2560px) 100vw, 2560px\" \/>                                    <img loading=\"lazy\" width=\"2560\" height=\"1783\" src=\"https:\/\/aid-foundation.com\/wp-content\/uploads\/2025\/10\/AID-Symposium-Oktober-202510-scaled.webp\" class=\"attachment-full size-full\" alt=\"\" decoding=\"async\" srcset=\"https:\/\/aid-foundation.com\/wp-content\/uploads\/2025\/10\/AID-Symposium-Oktober-202510-scaled.webp 2560w, https:\/\/aid-foundation.com\/wp-content\/uploads\/2025\/10\/AID-Symposium-Oktober-202510-300x209.webp 300w, https:\/\/aid-foundation.com\/wp-content\/uploads\/2025\/10\/AID-Symposium-Oktober-202510-1024x713.webp 1024w, https:\/\/aid-foundation.com\/wp-content\/uploads\/2025\/10\/AID-Symposium-Oktober-202510-768x535.webp 768w, https:\/\/aid-foundation.com\/wp-content\/uploads\/2025\/10\/AID-Symposium-Oktober-202510-1536x1070.webp 1536w, https:\/\/aid-foundation.com\/wp-content\/uploads\/2025\/10\/AID-Symposium-Oktober-202510-2048x1427.webp 2048w, https:\/\/aid-foundation.com\/wp-content\/uploads\/2025\/10\/AID-Symposium-Oktober-202510-18x12.webp 18w\" sizes=\"(max-width: 2560px) 100vw, 2560px\" \/>                                    <img loading=\"lazy\" width=\"2560\" height=\"1783\" src=\"https:\/\/aid-foundation.com\/wp-content\/uploads\/2025\/10\/AID-Symposium-Oktober-2025-23-scaled.webp\" class=\"attachment-full size-full\" alt=\"\" decoding=\"async\" srcset=\"https:\/\/aid-foundation.com\/wp-content\/uploads\/2025\/10\/AID-Symposium-Oktober-2025-23-scaled.webp 2560w, https:\/\/aid-foundation.com\/wp-content\/uploads\/2025\/10\/AID-Symposium-Oktober-2025-23-300x209.webp 300w, https:\/\/aid-foundation.com\/wp-content\/uploads\/2025\/10\/AID-Symposium-Oktober-2025-23-1024x713.webp 1024w, https:\/\/aid-foundation.com\/wp-content\/uploads\/2025\/10\/AID-Symposium-Oktober-2025-23-768x535.webp 768w, https:\/\/aid-foundation.com\/wp-content\/uploads\/2025\/10\/AID-Symposium-Oktober-2025-23-1536x1070.webp 1536w, https:\/\/aid-foundation.com\/wp-content\/uploads\/2025\/10\/AID-Symposium-Oktober-2025-23-2048x1427.webp 2048w, https:\/\/aid-foundation.com\/wp-content\/uploads\/2025\/10\/AID-Symposium-Oktober-2025-23-18x12.webp 18w\" sizes=\"(max-width: 2560px) 100vw, 2560px\" \/>                                    <img loading=\"lazy\" width=\"2560\" height=\"1783\" src=\"https:\/\/aid-foundation.com\/wp-content\/uploads\/2025\/10\/AID-Symposium-Oktober-202511-scaled.webp\" class=\"attachment-full size-full\" alt=\"\" decoding=\"async\" srcset=\"https:\/\/aid-foundation.com\/wp-content\/uploads\/2025\/10\/AID-Symposium-Oktober-202511-scaled.webp 2560w, https:\/\/aid-foundation.com\/wp-content\/uploads\/2025\/10\/AID-Symposium-Oktober-202511-300x209.webp 300w, https:\/\/aid-foundation.com\/wp-content\/uploads\/2025\/10\/AID-Symposium-Oktober-202511-1024x713.webp 1024w, https:\/\/aid-foundation.com\/wp-content\/uploads\/2025\/10\/AID-Symposium-Oktober-202511-768x535.webp 768w, https:\/\/aid-foundation.com\/wp-content\/uploads\/2025\/10\/AID-Symposium-Oktober-202511-1536x1070.webp 1536w, https:\/\/aid-foundation.com\/wp-content\/uploads\/2025\/10\/AID-Symposium-Oktober-202511-2048x1427.webp 2048w, https:\/\/aid-foundation.com\/wp-content\/uploads\/2025\/10\/AID-Symposium-Oktober-202511-18x12.webp 18w\" sizes=\"(max-width: 2560px) 100vw, 2560px\" \/>                                    <img loading=\"lazy\" width=\"2560\" height=\"1783\" src=\"https:\/\/aid-foundation.com\/wp-content\/uploads\/2025\/10\/AID-Symposium-Oktober-202513-scaled.webp\" class=\"attachment-full size-full\" alt=\"\" decoding=\"async\" srcset=\"https:\/\/aid-foundation.com\/wp-content\/uploads\/2025\/10\/AID-Symposium-Oktober-202513-scaled.webp 2560w, https:\/\/aid-foundation.com\/wp-content\/uploads\/2025\/10\/AID-Symposium-Oktober-202513-300x209.webp 300w, https:\/\/aid-foundation.com\/wp-content\/uploads\/2025\/10\/AID-Symposium-Oktober-202513-1024x713.webp 1024w, https:\/\/aid-foundation.com\/wp-content\/uploads\/2025\/10\/AID-Symposium-Oktober-202513-768x535.webp 768w, https:\/\/aid-foundation.com\/wp-content\/uploads\/2025\/10\/AID-Symposium-Oktober-202513-1536x1070.webp 1536w, https:\/\/aid-foundation.com\/wp-content\/uploads\/2025\/10\/AID-Symposium-Oktober-202513-2048x1427.webp 2048w, https:\/\/aid-foundation.com\/wp-content\/uploads\/2025\/10\/AID-Symposium-Oktober-202513-18x12.webp 18w\" sizes=\"(max-width: 2560px) 100vw, 2560px\" \/>                                    <img loading=\"lazy\" width=\"2560\" height=\"1783\" src=\"https:\/\/aid-foundation.com\/wp-content\/uploads\/2025\/10\/AID-Symposium-Oktober-2025-22-scaled.webp\" class=\"attachment-full size-full\" alt=\"\" decoding=\"async\" srcset=\"https:\/\/aid-foundation.com\/wp-content\/uploads\/2025\/10\/AID-Symposium-Oktober-2025-22-scaled.webp 2560w, https:\/\/aid-foundation.com\/wp-content\/uploads\/2025\/10\/AID-Symposium-Oktober-2025-22-300x209.webp 300w, https:\/\/aid-foundation.com\/wp-content\/uploads\/2025\/10\/AID-Symposium-Oktober-2025-22-1024x713.webp 1024w, https:\/\/aid-foundation.com\/wp-content\/uploads\/2025\/10\/AID-Symposium-Oktober-2025-22-768x535.webp 768w, https:\/\/aid-foundation.com\/wp-content\/uploads\/2025\/10\/AID-Symposium-Oktober-2025-22-1536x1070.webp 1536w, https:\/\/aid-foundation.com\/wp-content\/uploads\/2025\/10\/AID-Symposium-Oktober-2025-22-2048x1427.webp 2048w, https:\/\/aid-foundation.com\/wp-content\/uploads\/2025\/10\/AID-Symposium-Oktober-2025-22-18x12.webp 18w\" sizes=\"(max-width: 2560px) 100vw, 2560px\" \/>                                    <img loading=\"lazy\" width=\"2560\" height=\"1783\" src=\"https:\/\/aid-foundation.com\/wp-content\/uploads\/2025\/10\/AID-Symposium-Oktober-2025-24-scaled.webp\" class=\"attachment-full size-full\" alt=\"\" decoding=\"async\" srcset=\"https:\/\/aid-foundation.com\/wp-content\/uploads\/2025\/10\/AID-Symposium-Oktober-2025-24-scaled.webp 2560w, https:\/\/aid-foundation.com\/wp-content\/uploads\/2025\/10\/AID-Symposium-Oktober-2025-24-300x209.webp 300w, https:\/\/aid-foundation.com\/wp-content\/uploads\/2025\/10\/AID-Symposium-Oktober-2025-24-1024x713.webp 1024w, https:\/\/aid-foundation.com\/wp-content\/uploads\/2025\/10\/AID-Symposium-Oktober-2025-24-768x535.webp 768w, https:\/\/aid-foundation.com\/wp-content\/uploads\/2025\/10\/AID-Symposium-Oktober-2025-24-1536x1070.webp 1536w, https:\/\/aid-foundation.com\/wp-content\/uploads\/2025\/10\/AID-Symposium-Oktober-2025-24-2048x1427.webp 2048w, https:\/\/aid-foundation.com\/wp-content\/uploads\/2025\/10\/AID-Symposium-Oktober-2025-24-18x12.webp 18w\" sizes=\"(max-width: 2560px) 100vw, 2560px\" \/>                                    <img loading=\"lazy\" width=\"2560\" height=\"1783\" src=\"https:\/\/aid-foundation.com\/wp-content\/uploads\/2025\/10\/AID-Symposium-Oktober-2025-26-scaled.webp\" class=\"attachment-full size-full\" alt=\"\" decoding=\"async\" srcset=\"https:\/\/aid-foundation.com\/wp-content\/uploads\/2025\/10\/AID-Symposium-Oktober-2025-26-scaled.webp 2560w, https:\/\/aid-foundation.com\/wp-content\/uploads\/2025\/10\/AID-Symposium-Oktober-2025-26-300x209.webp 300w, https:\/\/aid-foundation.com\/wp-content\/uploads\/2025\/10\/AID-Symposium-Oktober-2025-26-1024x713.webp 1024w, https:\/\/aid-foundation.com\/wp-content\/uploads\/2025\/10\/AID-Symposium-Oktober-2025-26-768x535.webp 768w, https:\/\/aid-foundation.com\/wp-content\/uploads\/2025\/10\/AID-Symposium-Oktober-2025-26-1536x1070.webp 1536w, https:\/\/aid-foundation.com\/wp-content\/uploads\/2025\/10\/AID-Symposium-Oktober-2025-26-2048x1427.webp 2048w, https:\/\/aid-foundation.com\/wp-content\/uploads\/2025\/10\/AID-Symposium-Oktober-2025-26-18x12.webp 18w\" sizes=\"(max-width: 2560px) 100vw, 2560px\" \/>                                    <img loading=\"lazy\" width=\"2560\" height=\"1783\" src=\"https:\/\/aid-foundation.com\/wp-content\/uploads\/2025\/10\/AID-Symposium-Oktober-202514-scaled.webp\" class=\"attachment-full size-full\" alt=\"\" decoding=\"async\" srcset=\"https:\/\/aid-foundation.com\/wp-content\/uploads\/2025\/10\/AID-Symposium-Oktober-202514-scaled.webp 2560w, https:\/\/aid-foundation.com\/wp-content\/uploads\/2025\/10\/AID-Symposium-Oktober-202514-300x209.webp 300w, https:\/\/aid-foundation.com\/wp-content\/uploads\/2025\/10\/AID-Symposium-Oktober-202514-1024x713.webp 1024w, https:\/\/aid-foundation.com\/wp-content\/uploads\/2025\/10\/AID-Symposium-Oktober-202514-768x535.webp 768w, https:\/\/aid-foundation.com\/wp-content\/uploads\/2025\/10\/AID-Symposium-Oktober-202514-1536x1070.webp 1536w, https:\/\/aid-foundation.com\/wp-content\/uploads\/2025\/10\/AID-Symposium-Oktober-202514-2048x1427.webp 2048w, https:\/\/aid-foundation.com\/wp-content\/uploads\/2025\/10\/AID-Symposium-Oktober-202514-18x12.webp 18w\" sizes=\"(max-width: 2560px) 100vw, 2560px\" \/>                                    <img loading=\"lazy\" width=\"2560\" height=\"1783\" src=\"https:\/\/aid-foundation.com\/wp-content\/uploads\/2025\/10\/AID-Symposium-Oktober-202515-scaled.webp\" class=\"attachment-full size-full\" alt=\"\" decoding=\"async\" srcset=\"https:\/\/aid-foundation.com\/wp-content\/uploads\/2025\/10\/AID-Symposium-Oktober-202515-scaled.webp 2560w, https:\/\/aid-foundation.com\/wp-content\/uploads\/2025\/10\/AID-Symposium-Oktober-202515-300x209.webp 300w, https:\/\/aid-foundation.com\/wp-content\/uploads\/2025\/10\/AID-Symposium-Oktober-202515-1024x713.webp 1024w, https:\/\/aid-foundation.com\/wp-content\/uploads\/2025\/10\/AID-Symposium-Oktober-202515-768x535.webp 768w, https:\/\/aid-foundation.com\/wp-content\/uploads\/2025\/10\/AID-Symposium-Oktober-202515-1536x1070.webp 1536w, https:\/\/aid-foundation.com\/wp-content\/uploads\/2025\/10\/AID-Symposium-Oktober-202515-2048x1427.webp 2048w, https:\/\/aid-foundation.com\/wp-content\/uploads\/2025\/10\/AID-Symposium-Oktober-202515-18x12.webp 18w\" sizes=\"(max-width: 2560px) 100vw, 2560px\" \/>                            <\/div>\n        <\/div>\n        <div class=\"blaze-controls\">\n            <div class=\"blaze-navigation\">\n                <button class=\"blaze-prev\"><\/button>\n                <button class=\"blaze-next\"><\/button>\n            <\/div>\n        <\/div>\n    <\/div>\n<\/div>\n\n\n<div class=\"wp-block-group alignwide is-layout-constrained wp-block-group-is-layout-constrained\">\n<div style=\"height:150px\" aria-hidden=\"true\" class=\"wp-block-spacer is-style-normal\"><\/div>\n\n\n\n<div class=\"wp-block-buttons is-layout-flex wp-block-buttons-is-layout-flex\"><\/div>\n\n\n\n<div class=\"wp-block-buttons is-layout-flex wp-block-buttons-is-layout-flex\"><\/div>\n\n\n\n<div style=\"height:150px\" aria-hidden=\"true\" class=\"wp-block-spacer is-style-large\"><\/div>\n\n\n\n<h2 class=\"wp-block-heading\" id=\"mygenerationsymposium\"><strong>Symposium AID my Generation<\/strong><\/h2>\n\n\n\n<ul class=\"is-style-plus\">\n<li class=\"has-medium-large-font-size\">Le symposium AID my Generation a lieu une fois par an au printemps. Dans le cadre de pr\u00e9sentations passionnantes et de discussions constructives, vous pouvez d\u00e9velopper un r\u00e9seau solide et nouer de nouveaux contacts : c'est ce qui fait la particularit\u00e9 du symposium AID my Generation ! <\/li>\n<\/ul>\n\n\n\n<div style=\"height:100px\" aria-hidden=\"true\" class=\"wp-block-spacer is-style-small\"><\/div>\n\n\n\n<div class=\"wp-block-buttons is-layout-flex wp-block-buttons-is-layout-flex\">\n<div class=\"wp-block-button\"><a class=\"wp-block-button__link wp-element-button\" href=\"https:\/\/aid-foundation.com\/wp-content\/uploads\/2025\/03\/AID-my-Generation-Symposium_2025.pdf\">En savoir plus<\/a><\/div>\n<\/div>\n<\/div>\n\n\n\n<div style=\"height:100px\" aria-hidden=\"true\" class=\"wp-block-spacer\"><\/div>\n\n\n\n<h3 class=\"wp-block-heading\">R\u00e9trospective AID my Generation Symposium 2025<\/h3>\n\n\n\n<div><div style=\"padding:52.73% 0 0 0;position:relative;\"><iframe src=\"https:\/\/player.vimeo.com\/video\/1092759934?h=11d68c4602&title=0&byline=0&portrait=0\" style=\"position:absolute;top:0;left:0;width:100%;height:100%;\" frameborder=\"0\" allow=\"autoplay; fullscreen; picture-in-picture\" allowfullscreen><\/iframe><\/div><script src=\"https:\/\/player.vimeo.com\/api\/player.js\"><\/script><\/div>\n\n\n\n<div class=\"wp-block-group alignwide is-layout-constrained wp-block-group-is-layout-constrained\">\n<div style=\"height:100px\" aria-hidden=\"true\" class=\"wp-block-spacer is-style-large\"><\/div>\n\n\n\n<div style=\"height:51px\" aria-hidden=\"true\" class=\"wp-block-spacer is-style-small\"><\/div>\n\n\n\n<h2 class=\"wp-block-heading\" id=\"mygenerationacademy\"><strong>AID my Generation Academy<\/strong><\/h2>\n\n\n\n<ul class=\"is-style-plus\">\n<li class=\"has-medium-large-font-size\">L'implantologie orale requiert une compr\u00e9hension et des connaissances interdisciplinaires. L'Academy encourage de mani\u00e8re cibl\u00e9e l'\u00e9change de connaissances interdisciplinaires, indispensable pour une reconstruction r\u00e9ussie et \u00e0 long terme.<\/li>\n<\/ul>\n\n\n\n<p class=\"has-medium-font-size\">L'Universit\u00e9 de Zurich et l'AID Foundation - deux partenaires forts pour une formation continue innovante et une coop\u00e9ration durable en mati\u00e8re d'\u00e9ducation - ont con\u00e7u l'Academy afin de permettre aux jeunes dentistes de se lancer dans l'implantologie orale au niveau le plus actuel et en tenant compte des derniers d\u00e9veloppements, des technologies et des activit\u00e9s implantologiques \u00e9prouv\u00e9es - sur un pied d'\u00e9galit\u00e9.<\/p>\n\n\n\n<div style=\"height:100px\" aria-hidden=\"true\" class=\"wp-block-spacer is-style-small\"><\/div>\n\n\n\n<div class=\"wp-block-buttons is-layout-flex wp-block-buttons-is-layout-flex\">\n<div class=\"wp-block-button\"><a class=\"wp-block-button__link wp-element-button\" href=\"https:\/\/aid-foundation.com\/fr\/event\/assemblee-generale-congres-annuel-aid-2024-2\/\" target=\"_blank\" rel=\"noreferrer noopener\">En savoir plus<\/a><\/div>\n<\/div>\n\n\n\n<div style=\"height:30px\" aria-hidden=\"true\" class=\"wp-block-spacer is-style-small\"><\/div>\n\n\n\n<div class=\"wp-block-buttons is-layout-flex wp-block-buttons-is-layout-flex\">\n<div class=\"wp-block-button\"><a class=\"wp-block-button__link wp-element-button\" href=\"https:\/\/aid-foundation.com\/wp-content\/uploads\/2025\/11\/AID_my_generation_Academy_2026_WEB.pdf\" target=\"_blank\" rel=\"noreferrer noopener\">Zum aktuellen Prgorammflyer<\/a><\/div>\n<\/div>\n\n\n\n<div style=\"height:30px\" aria-hidden=\"true\" class=\"wp-block-spacer is-style-small\"><\/div>\n\n\n\n<div style=\"height:100px\" aria-hidden=\"true\" class=\"wp-block-spacer is-style-small\"><\/div>\n\n\n\n<p class=\"has-medium-font-size\">Tu veux en savoir plus sur la my generation Academy ? Regarde la r\u00e9trospective et les t\u00e9moignages sur YouTube et laisse-toi inspirer par les exp\u00e9riences de tes coll\u00e8gues.<\/p>\n\n\n\n<div class=\"wp-block-buttons is-layout-flex wp-block-buttons-is-layout-flex\">\n<div class=\"wp-block-button\"><a class=\"wp-block-button__link wp-element-button\" href=\"https:\/\/www.youtube.com\/playlist?list=PLrk5Ddeae0RQ3BkeAzk-2-UlJEYX75T-J\">Vers la cha\u00eene youtube<\/a><\/div>\n<\/div>\n<\/div>\n\n\n\n<div class=\"wp-block-columns is-layout-flex wp-container-16 wp-block-columns-is-layout-flex\">\n<div class=\"wp-block-column is-layout-flow wp-block-column-is-layout-flow\">\n<div style=\"height:130px\" aria-hidden=\"true\" class=\"wp-block-spacer is-style-large\"><\/div>\n\n\n\n<h2 class=\"wp-block-heading\" id=\"coachingprogramm\">Coaching <\/h2>\n\n\n\n<ul class=\"is-style-plus has-medium-large-font-size\">\n<li>La fr\u00e9quentation de congr\u00e8s et l'\u00e9tude intensive de la litt\u00e9rature sp\u00e9cialis\u00e9e permettent d'acqu\u00e9rir de solides connaissances de base. N\u00e9anmoins, la v\u00e9ritable importance de l'implantologie ne se r\u00e9v\u00e8le que dans la pratique clinique.<\/li>\n<\/ul>\n\n\n\n<div class=\"wp-block-group alignfull is-layout-constrained wp-block-group-is-layout-constrained\">\n<p class=\"has-medium-font-size\">Lorsque l'on s'appr\u00eate \u00e0 poser des implants ou \u00e0 planifier des traitements complexes, il devient souvent souhaitable de faire appel \u00e0 un praticien exp\u00e9riment\u00e9. Accompagner un clinicien exp\u00e9riment\u00e9 pendant une op\u00e9ration permet de vivre la r\u00e9alit\u00e9 clinique de premi\u00e8re main et de tirer de pr\u00e9cieux enseignements. Toutefois, pour en ma\u00eetriser toutes les subtilit\u00e9s, il est indispensable de traiter au moins un ou plusieurs cas dans sa propre pratique, sous la direction d'un expert jouant le r\u00f4le d'assistant.<\/p>\n\n\n\n<p class=\"has-medium-font-size\">C'est \u00e0 ce moment crucial que nous intervenons avec un programme de coaching sp\u00e9cialement con\u00e7u pour la jeune g\u00e9n\u00e9ration. Les cliniciens exp\u00e9riment\u00e9s offrent aux d\u00e9butants comme aux experts la possibilit\u00e9 id\u00e9ale de se perfectionner selon la devise \"Au c\u0153ur de l'action plut\u00f4t qu'\u00e0 c\u00f4t\u00e9\".<\/p>\n<\/div>\n\n\n\n<div style=\"height:100px\" aria-hidden=\"true\" class=\"wp-block-spacer is-style-normal\"><\/div>\n<\/div>\n<\/div>\n\n\n\n<div class=\"wp-block-group alignfull is-pattern-shifted-layers has-accent-background-color has-background is-layout-flow wp-block-group-is-layout-flow\">\n<p><\/p>\n\n\n\n<h3 class=\"wp-block-heading\">D\u00e9roulement et conditions g\u00e9n\u00e9rales<\/h3>\n\n\n\n<p class=\"has-medium-font-size\">Quatre modules sont propos\u00e9s. Pour ce programme, le nombre d'heures de formation continue est fonction de la dur\u00e9e correspondante des modules. Les d\u00e9tails concernant les conditions g\u00e9n\u00e9rales doivent \u00eatre discut\u00e9s directement avec le coach.<\/p>\n\n\n\n<div style=\"height:100px\" aria-hidden=\"true\" class=\"wp-block-spacer is-style-small\"><\/div>\n\n\n<div class=\"accordion wp-block-acf-accordion\">\n            <div class=\"accordion-item\">\n            <h2 class=\"accordion-header\" id=\"69ec7689c190a-heading\">\n                <button class=\"accordion-button collapsed\" type=\"button\" data-bs-toggle=\"collapse\" data-bs-target=\"#69ec7689c190a\" aria-expanded=\"false\" aria-controls=\"69ec7689c190a\">\n                    Planification de cas avec un expert                <\/button>\n            <\/h2>\n            <div id=\"69ec7689c190a\" class=\"accordion-collapse collapse\" aria-labelledby=\"69ec7689c190a-heading\" data-bs-parent=\"#69ec7689c190a\">\n                <div class=\"accordion-body\">\n                    <p><strong>D\u00e9roulement<\/strong><br \/>\nLe participant emporte ses propres cas pour une discussion\/un traitement orient\u00e9(e) vers la solution avec un expert.<\/p>\n<p><strong>Lieu<\/strong><br \/>\nDans la pratique du coach<\/p>\n<p><strong>Dur\u00e9e<\/strong><br \/>\nSoir\u00e9e<\/p>\n                <\/div>\n            <\/div>\n        <\/div>\n            <div class=\"accordion-item\">\n            <h2 class=\"accordion-header\" id=\"69ec7689c190c-heading\">\n                <button class=\"accordion-button collapsed\" type=\"button\" data-bs-toggle=\"collapse\" data-bs-target=\"#69ec7689c190c\" aria-expanded=\"false\" aria-controls=\"69ec7689c190c\">\n                    Invit\u00e9 chez ton expert                <\/button>\n            <\/h2>\n            <div id=\"69ec7689c190c\" class=\"accordion-collapse collapse\" aria-labelledby=\"69ec7689c190c-heading\" data-bs-parent=\"#69ec7689c190c\">\n                <div class=\"accordion-body\">\n                    <p><strong>D\u00e9roulement<br \/>\n<\/strong>Accompagner et assister l'expert dans son cabinet lors de son travail chirurgical et proth\u00e9tique<\/p>\n<p><strong>Lieu<\/strong><br \/>\nDans la pratique du coach<\/p>\n<p><strong>Dur\u00e9e<\/strong><br \/>\n1\/2 ou 1 jour<\/p>\n                <\/div>\n            <\/div>\n        <\/div>\n            <div class=\"accordion-item\">\n            <h2 class=\"accordion-header\" id=\"69ec7689c190d-heading\">\n                <button class=\"accordion-button collapsed\" type=\"button\" data-bs-toggle=\"collapse\" data-bs-target=\"#69ec7689c190d\" aria-expanded=\"false\" aria-controls=\"69ec7689c190d\">\n                    Coaching de start-up                <\/button>\n            <\/h2>\n            <div id=\"69ec7689c190d\" class=\"accordion-collapse collapse\" aria-labelledby=\"69ec7689c190d-heading\" data-bs-parent=\"#69ec7689c190d\">\n                <div class=\"accordion-body\">\n                    <p><strong>D\u00e9roulement<br \/>\n<\/strong>R\u00e9alisation de la premi\u00e8re intervention sous la supervision\/assistance d'un expert exp\u00e9riment\u00e9 et formation des assistantes dentaires<\/p>\n<p><strong>Lieu<\/strong><br \/>\nDans le cabinet du dentiste coach\u00e9<\/p>\n<p><strong>Dur\u00e9e<\/strong><br \/>\n1\/2 ou 1 jour<\/p>\n                <\/div>\n            <\/div>\n        <\/div>\n            <div class=\"accordion-item\">\n            <h2 class=\"accordion-header\" id=\"69ec7689c190e-heading\">\n                <button class=\"accordion-button collapsed\" type=\"button\" data-bs-toggle=\"collapse\" data-bs-target=\"#69ec7689c190e\" aria-expanded=\"false\" aria-controls=\"69ec7689c190e\">\n                    Coaching th\u00e9matique                <\/button>\n            <\/h2>\n            <div id=\"69ec7689c190e\" class=\"accordion-collapse collapse\" aria-labelledby=\"69ec7689c190e-heading\" data-bs-parent=\"#69ec7689c190e\">\n                <div class=\"accordion-body\">\n                    <p><strong>D\u00e9roulement<br \/>\n<\/strong>R\u00e9alisation d'une intervention sous la supervision et l'assistance d'un expert exp\u00e9riment\u00e9<\/p>\n<p><strong>Lieu<\/strong><br \/>\nDans le cabinet du dentiste coach\u00e9<\/p>\n<p><strong>Dur\u00e9e<\/strong><br \/>\n1\/2 ou 1 jour<\/p>\n                <\/div>\n            <\/div>\n        <\/div>\n            <div class=\"accordion-item\">\n            <h2 class=\"accordion-header\" id=\"69ec7689c190f-heading\">\n                <button class=\"accordion-button collapsed\" type=\"button\" data-bs-toggle=\"collapse\" data-bs-target=\"#69ec7689c190f\" aria-expanded=\"false\" aria-controls=\"69ec7689c190f\">\n                    Coachs existants                <\/button>\n            <\/h2>\n            <div id=\"69ec7689c190f\" class=\"accordion-collapse collapse\" aria-labelledby=\"69ec7689c190f-heading\" data-bs-parent=\"#69ec7689c190f\">\n                <div class=\"accordion-body\">\n                    <p>Andreoni Claude<br \/>\nBenic Goran<br \/>\nChatzis Nikolaos<br \/>\nCionca Norbert<br \/>\nCrameri Manuel<br \/>\nDamerau Georg<br \/>\nEisner Barbara<br \/>\nGisler Vanessa<br \/>\nGrohmann Philip<br \/>\nGrunder Ueli<br \/>\nHeierle Linda<br \/>\nHuber Samuel<br \/>\nChasseur Kurt<br \/>\nJaquet Robin<br \/>\nJaqui\u00e9ry Claude<br \/>\nMeyenberg Konrad<br \/>\nMinoretti Roger<br \/>\nRamel Christian<br \/>\nSchneider David<br \/>\nTroxler Kilian<br \/>\nTruninger Thomas<br \/>\nVillard Nicolas<br \/>\nWolleb Torrisi Karin<br \/>\nZb\u00e4ren Christoph<\/p>\n                <\/div>\n            <\/div>\n        <\/div>\n    <\/div>\n\n\n<div class=\"wp-block-buttons is-layout-flex wp-block-buttons-is-layout-flex\">\n<div class=\"wp-block-button\"><a class=\"wp-block-button__link wp-element-button\" href=\"https:\/\/aid-foundation.com\/fr\/contact\/\">Contacte-nous maintenant<\/a><\/div>\n<\/div>\n\n\n\n<div style=\"height:100px\" aria-hidden=\"true\" class=\"wp-block-spacer is-style-huge\"><\/div>\n<\/div>\n\n\n\n<div style=\"height:100px\" aria-hidden=\"true\" class=\"wp-block-spacer is-style-huge\"><\/div>","protected":false},"excerpt":{"rendered":"<p>Angebot Innovative Unterst\u00fctzung f\u00fcr deinen Erfolg: Entdecke unsere breite Palette an Angeboten. Mentoring Das Mentoring bietet die Gelegenheit, sich mit Gleichgesinnten zu vernetzen und klinische Fragen zu auserw\u00e4hlten F\u00e4llen zu diskutieren \u2013 in der AID-Stiftung wird Wissen geteilt! Teilnehmende werden gebeten, eigene F\u00e4lle kurz zu pr\u00e4sentieren, welche dann in der Gruppe diskutiert werden. Dabei wird [&hellip;]<\/p>","protected":false},"author":1,"featured_media":0,"parent":0,"menu_order":0,"comment_status":"closed","ping_status":"closed","template":"","meta":{"footnotes":""},"acf":[],"_links":{"self":[{"href":"https:\/\/aid-foundation.com\/fr\/wp-json\/wp\/v2\/pages\/52"}],"collection":[{"href":"https:\/\/aid-foundation.com\/fr\/wp-json\/wp\/v2\/pages"}],"about":[{"href":"https:\/\/aid-foundation.com\/fr\/wp-json\/wp\/v2\/types\/page"}],"author":[{"embeddable":true,"href":"https:\/\/aid-foundation.com\/fr\/wp-json\/wp\/v2\/users\/1"}],"replies":[{"embeddable":true,"href":"https:\/\/aid-foundation.com\/fr\/wp-json\/wp\/v2\/comments?post=52"}],"version-history":[{"count":208,"href":"https:\/\/aid-foundation.com\/fr\/wp-json\/wp\/v2\/pages\/52\/revisions"}],"predecessor-version":[{"id":2599,"href":"https:\/\/aid-foundation.com\/fr\/wp-json\/wp\/v2\/pages\/52\/revisions\/2599"}],"wp:attachment":[{"href":"https:\/\/aid-foundation.com\/fr\/wp-json\/wp\/v2\/media?parent=52"}],"curies":[{"name":"wp","href":"https:\/\/api.w.org\/{rel}","templated":true}]}}