{"id":3,"date":"2023-07-25T08:44:32","date_gmt":"2023-07-25T08:44:32","guid":{"rendered":"https:\/\/aid-foundation.dev.hayloft-it.ch\/?page_id=3"},"modified":"2024-02-22T11:37:12","modified_gmt":"2024-02-22T10:37:12","slug":"datenschutz-impressum","status":"publish","type":"page","link":"https:\/\/aid-foundation.com\/fr\/mentions-legales-protection-des-donnees\/","title":{"rendered":"Protection des donn\u00e9es &amp; mentions l\u00e9gales"},"content":{"rendered":"<div style=\"height:100px\" aria-hidden=\"true\" class=\"wp-block-spacer is-style-large\"><\/div>\n\n\n\n<h2 class=\"wp-block-heading\">Mentions l\u00e9gales<\/h2>\n\n\n\n<div class=\"wp-block-columns is-layout-flex wp-container-4 wp-block-columns-is-layout-flex\">\n<div class=\"wp-block-column is-layout-flow wp-block-column-is-layout-flow\">\n<h4 class=\"wp-block-heading\">Responsable du contenu<\/h4>\n\n\n\n<p><strong>Alliance pour la dentisterie implantaire (AID)<\/strong><br>Neckarsulmstrasse 28<br>2540 Granges<\/p>\n\n\n\n<p><a href=\"tel: 41326443280\">+41 32 644 32 80<\/a><br><a href=\"mailto:info@aid-foundation.ch\">info@aid-foundation.ch<\/a><\/p>\n<\/div>\n\n\n\n<div class=\"wp-block-column is-layout-flow wp-block-column-is-layout-flow\">\n<h4 class=\"wp-block-heading\">Concept et design<\/h4>\n\n\n\n<p><strong>nuvio Werbeagentur GmbH<\/strong><br>4, rue Emmenhof<br>4552 Derendingen<br><a href=\"tel:0629579040\"><br><\/a><a rel=\"noreferrer noopener\" href=\"https:\/\/www.nuvio-gmbh.ch\/\" target=\"_blank\">nuvio-gmbh.ch<\/a><\/p>\n<\/div>\n\n\n\n<div class=\"wp-block-column is-layout-flow wp-block-column-is-layout-flow\">\n<h4 class=\"wp-block-heading\">Mise en \u0153uvre du site web<\/h4>\n\n\n\n<p><strong>Hayloft-IT GmbH<\/strong><br>Rue de la Gare 50<br>5507 Mellingen<br><br><a href=\"https:\/\/www.hayloft-it.ch\/\">www.hayloft-it.ch<\/a><\/p>\n<\/div>\n<\/div>\n\n\n\n<div style=\"height:100px\" aria-hidden=\"true\" class=\"wp-block-spacer is-style-large\"><\/div>\n\n\n\n<h2 class=\"wp-block-heading\">Protection des donn\u00e9es<\/h2>\n\n\n\n<p>Par la pr\u00e9sente d\u00e9claration de protection des donn\u00e9es, nous informons sur les donn\u00e9es personnelles que nous traitons dans le cadre de nos activit\u00e9s, y compris sur notre site https:\/\/aid-foundation.com\/-Website. Nous vous informons en particulier de l'objet, de la mani\u00e8re et du lieu du traitement des donn\u00e9es personnelles. Nous vous informons \u00e9galement des droits des personnes dont nous traitons les donn\u00e9es.<\/p>\n\n\n\n<p>D'autres d\u00e9clarations de protection des donn\u00e9es ainsi que d'autres documents juridiques, tels que les conditions g\u00e9n\u00e9rales de vente (CGV), les conditions d'utilisation ou les conditions de participation, peuvent s'appliquer \u00e0 des activit\u00e9s et des activit\u00e9s individuelles ou suppl\u00e9mentaires.<\/p>\n\n\n\n<div style=\"height:100px\" aria-hidden=\"true\" class=\"wp-block-spacer is-style-normal\"><\/div>\n\n\n\n<h3 class=\"wp-block-heading\">1. adresse de contact<\/h3>\n\n\n\n<p>La responsabilit\u00e9 du traitement des donn\u00e9es personnelles incombe \u00e0 :<br><br><strong>Alliance pour la dentisterie implantaire (AID)<\/strong><br>Neckarsulmstrasse 28<br>2540 Granges<\/p>\n\n\n\n<p><a rel=\"noreferrer noopener\" href=\"mailto:info@aid-foundation.com\" target=\"_blank\">info@aid-foundation.com<\/a><\/p>\n\n\n\n<div style=\"height:80px\" aria-hidden=\"true\" class=\"wp-block-spacer is-style-normal\"><\/div>\n\n\n\n<h3 class=\"wp-block-heading\">2. notions et bases juridiques<\/h3>\n\n\n\n<h4 class=\"wp-block-heading\"><strong>2.1 D\u00e9finitions<\/strong><\/h4>\n\n\n\n<p>Les donn\u00e9es personnelles sont toutes les donn\u00e9es qui se rapportent \u00e0 une personne identifi\u00e9e ou identifiable. Une personne concern\u00e9e est une personne au sujet de laquelle des donn\u00e9es personnelles sont trait\u00e9es.<br><br>Le traitement comprend toute manipulation de donn\u00e9es personnelles, quels que soient les moyens et proc\u00e9d\u00e9s utilis\u00e9s, notamment la conservation, la communication, la collecte, l'enregistrement, l'effacement, la conservation, la modification, la destruction et l'utilisation de donn\u00e9es personnelles.<\/p>\n\n\n\n<div style=\"height:80px\" aria-hidden=\"true\" class=\"wp-block-spacer is-style-small\"><\/div>\n\n\n\n<h4 class=\"wp-block-heading\"> 2.2 Bases juridiques<\/h4>\n\n\n\n<p>Nous traitons les donn\u00e9es personnelles conform\u00e9ment \u00e0 la l\u00e9gislation suisse en mati\u00e8re de protection des donn\u00e9es, notamment la loi f\u00e9d\u00e9rale sur la protection des donn\u00e9es (LPD, https:\/\/www.fedlex.admin.ch\/eli\/cc\/1993\/1945_1945_1945\/de) et l'ordonnance relative \u00e0 la loi f\u00e9d\u00e9rale sur la protection des donn\u00e9es (OLPD, https:\/\/www.fedlex.admin.ch\/eli\/cc\/1993\/1962_1962_1962\/de).<\/p>\n\n\n\n<div style=\"height:80px\" aria-hidden=\"true\" class=\"wp-block-spacer is-style-normal\"><\/div>\n\n\n\n<h3 class=\"wp-block-heading\">3. nature, port\u00e9e et objectif<\/h3>\n\n\n\n<p>Nous traitons les donn\u00e9es personnelles qui sont n\u00e9cessaires pour pouvoir exercer nos activit\u00e9s et nos activit\u00e9s de mani\u00e8re durable, conviviale, s\u00fbre et fiable. Ces donn\u00e9es personnelles peuvent notamment appartenir aux cat\u00e9gories suivantes : donn\u00e9es d'inventaire et de contact, donn\u00e9es de navigateur et d'appareil, donn\u00e9es de contenu, m\u00e9tadonn\u00e9es ou donn\u00e9es marginales et donn\u00e9es d'utilisation, donn\u00e9es de localisation, donn\u00e9es de vente ainsi que donn\u00e9es de contrat et de paiement.<br><br>Nous traitons les donn\u00e9es personnelles pendant la dur\u00e9e n\u00e9cessaire au(x) but(s) concern\u00e9(s) ou conform\u00e9ment \u00e0 la loi. Les donn\u00e9es personnelles dont le traitement n'est plus n\u00e9cessaire sont rendues anonymes ou supprim\u00e9es.<br><br>Nous pouvons faire traiter des donn\u00e9es personnelles par des tiers. Nous pouvons traiter des donn\u00e9es personnelles en collaboration avec des tiers ou les transmettre \u00e0 des tiers. Ces tiers sont notamment des prestataires sp\u00e9cialis\u00e9s dont nous utilisons les services. Nous garantissons \u00e9galement la protection des donn\u00e9es aupr\u00e8s de ces tiers.<br><br>Nous ne traitons les donn\u00e9es personnelles qu'avec le consentement de la personne concern\u00e9e, \u00e0 moins que le traitement ne soit autoris\u00e9 pour d'autres raisons juridiques. Le traitement sans consentement peut par exemple \u00eatre autoris\u00e9 pour l'ex\u00e9cution d'un contrat avec la personne concern\u00e9e et pour des mesures pr\u00e9contractuelles correspondantes, afin de pr\u00e9server nos int\u00e9r\u00eats l\u00e9gitimes pr\u00e9pond\u00e9rants, parce que le traitement est \u00e9vident au vu des circonstances ou apr\u00e8s information pr\u00e9alable.<br><br>Dans ce cadre, nous traitons notamment les informations qu'une personne concern\u00e9e nous transmet volontairement lors d'une prise de contact - par exemple par courrier postal, e-mail, messagerie instantan\u00e9e, formulaire de contact, m\u00e9dias sociaux ou t\u00e9l\u00e9phone - ou lors de l'enregistrement d'un compte d'utilisateur. Nous pouvons par exemple enregistrer ces donn\u00e9es dans un carnet d'adresses ou \u00e0 l'aide d'outils comparables. Lorsque des donn\u00e9es concernant d'autres personnes nous sont transmises, les personnes qui les transmettent sont tenues de garantir la protection des donn\u00e9es vis-\u00e0-vis de ces personnes ainsi que l'exactitude de ces donn\u00e9es personnelles.<br><br>Nous traitons en outre les donn\u00e9es personnelles que nous recevons de tiers, que nous nous procurons aupr\u00e8s de sources accessibles au public ou que nous collectons dans le cadre de nos activit\u00e9s et de nos op\u00e9rations, dans la mesure o\u00f9 un tel traitement est autoris\u00e9 pour des raisons juridiques.<\/p>\n\n\n\n<div style=\"height:100px\" aria-hidden=\"true\" class=\"wp-block-spacer is-style-normal\"><\/div>\n\n\n\n<h3 class=\"wp-block-heading\">4. candidatures<\/h3>\n\n\n\n<p>Nous traitons les donn\u00e9es personnelles des candidats dans la mesure o\u00f9 elles sont n\u00e9cessaires \u00e0 l'\u00e9valuation de leur aptitude \u00e0 occuper un emploi ou \u00e0 l'ex\u00e9cution ult\u00e9rieure d'un contrat de travail. Les donn\u00e9es personnelles n\u00e9cessaires r\u00e9sultent notamment des informations demand\u00e9es, par exemple dans le cadre d'une offre d'emploi. Nous traitons en outre les donn\u00e9es personnelles que les candidats communiquent ou publient volontairement, notamment dans le cadre de lettres de motivation, de CV et d'autres documents de candidature ainsi que de profils en ligne.<\/p>\n\n\n\n<div style=\"height:100px\" aria-hidden=\"true\" class=\"wp-block-spacer is-style-normal\"><\/div>\n\n\n\n<h3 class=\"wp-block-heading\">5. donn\u00e9es personnelles \u00e0 l'\u00e9tranger<\/h3>\n\n\n\n<p>Nous traitons les donn\u00e9es personnelles en principe et dans la mesure du possible en Suisse. Nous pouvons toutefois communiquer ou exporter des donn\u00e9es personnelles vers d'autres pays, notamment pour les y traiter ou les y faire traiter.<br><br>Nous pouvons communiquer des donn\u00e9es personnelles \u00e0 tous les \u00c9tats et territoires du monde, pour autant que le droit local garantisse une protection des donn\u00e9es appropri\u00e9e, selon l'\u00e9valuation du Pr\u00e9pos\u00e9 f\u00e9d\u00e9ral \u00e0 la protection des donn\u00e9es et \u00e0 la transparence (PFPDT) ou selon la d\u00e9cision du Conseil f\u00e9d\u00e9ral suisse.<br><br>Nous pouvons communiquer des donn\u00e9es personnelles \u00e0 des \u00c9tats dont le droit ne garantit pas une protection ad\u00e9quate des donn\u00e9es, dans la mesure o\u00f9 une protection des donn\u00e9es appropri\u00e9e est assur\u00e9e pour d'autres raisons, par exemple par des accords contractuels correspondants, sur la base de clauses standard de protection des donn\u00e9es ou avec d'autres garanties appropri\u00e9es. Exceptionnellement, nous pouvons exporter des donn\u00e9es personnelles vers des \u00c9tats ne disposant pas d'une protection des donn\u00e9es ad\u00e9quate ou appropri\u00e9e, si les conditions particuli\u00e8res de protection des donn\u00e9es sont remplies, par exemple le consentement explicite des personnes concern\u00e9es ou un lien direct avec la conclusion ou l'ex\u00e9cution d'un contrat. Sur demande, nous renseignons volontiers les personnes concern\u00e9es sur d'\u00e9ventuelles garanties ou leur fournissons une copie de celles-ci.<\/p>\n\n\n\n<div style=\"height:100px\" aria-hidden=\"true\" class=\"wp-block-spacer is-style-normal\"><\/div>\n\n\n\n<h3 class=\"wp-block-heading\">6) Droits des personnes concern\u00e9es<\/h3>\n\n\n\n<p>Les personnes concern\u00e9es dont nous traitons les donn\u00e9es personnelles disposent des droits pr\u00e9vus par le droit suisse de la protection des donn\u00e9es. Il s'agit notamment du droit \u00e0 l'information ainsi que du droit de rectification, de suppression ou de blocage des donn\u00e9es personnelles trait\u00e9es.<br><br>Les personnes concern\u00e9es dont nous traitons les donn\u00e9es personnelles disposent d'un droit de recours aupr\u00e8s d'une autorit\u00e9 de surveillance comp\u00e9tente. L'autorit\u00e9 de surveillance pour la protection des donn\u00e9es en Suisse est le Pr\u00e9pos\u00e9 f\u00e9d\u00e9ral \u00e0 la protection des donn\u00e9es et \u00e0 la transparence (PFPDT).<\/p>\n\n\n\n<div style=\"height:100px\" aria-hidden=\"true\" class=\"wp-block-spacer is-style-normal\"><\/div>\n\n\n\n<h3 class=\"wp-block-heading\">7. s\u00e9curit\u00e9 des donn\u00e9es<\/h3>\n\n\n\n<p>Nous prenons des mesures techniques et organisationnelles appropri\u00e9es afin de garantir une s\u00e9curit\u00e9 des donn\u00e9es adapt\u00e9e au risque respectif. Nous ne pouvons toutefois pas garantir une s\u00e9curit\u00e9 absolue des donn\u00e9es.<br><br>L'acc\u00e8s \u00e0 notre site web s'effectue au moyen du cryptage de transport (SSL \/ TLS, en particulier avec le Hypertext Transfer Protocol Secure, abr\u00e9g\u00e9 HTTPS). La plupart des navigateurs signalent le cryptage de transport par un cadenas dans la barre d'adresse.<br><br>Nos communications num\u00e9riques sont soumises - comme toute communication num\u00e9rique - \u00e0 la surveillance de masse sans motif ni soup\u00e7on, ainsi qu'\u00e0 d'autres formes de surveillance par les autorit\u00e9s de s\u00e9curit\u00e9 en Suisse, dans le reste de l'Europe, aux \u00c9tats-Unis d'Am\u00e9rique (USA) et dans d'autres pays. Nous ne pouvons pas exercer d'influence directe sur le traitement correspondant des donn\u00e9es personnelles par les services secrets, les services de police et autres autorit\u00e9s de s\u00e9curit\u00e9.<\/p>\n\n\n\n<div style=\"height:100px\" aria-hidden=\"true\" class=\"wp-block-spacer is-style-normal\"><\/div>\n\n\n\n<h3 class=\"wp-block-heading\">8. utilisation du site web<\/h3>\n\n\n\n<h4 class=\"wp-block-heading\">8.1 Cookies<\/h4>\n\n\n\n<p>Nous pouvons utiliser des cookies. Les cookies, qu'il s'agisse de nos propres cookies (cookies de premi\u00e8re partie) ou de cookies de tiers dont nous utilisons les services (cookies de troisi\u00e8me partie), sont des donn\u00e9es qui sont stock\u00e9es dans le navigateur. Ces donn\u00e9es stock\u00e9es ne se limitent pas n\u00e9cessairement aux cookies traditionnels sous forme de texte.<br><br>Les cookies peuvent \u00eatre stock\u00e9s temporairement dans le navigateur en tant que \"cookies de session\" ou pour une p\u00e9riode d\u00e9termin\u00e9e en tant que \"cookies permanents\". Les \"cookies de session\" sont automatiquement supprim\u00e9s lorsque le navigateur est ferm\u00e9. Les cookies permanents ont une dur\u00e9e de stockage d\u00e9termin\u00e9e. Les cookies permettent notamment de reconna\u00eetre un navigateur lors de la prochaine visite de notre site web et de mesurer ainsi par exemple la port\u00e9e de notre site web. Les cookies permanents peuvent \u00e9galement \u00eatre utilis\u00e9s \u00e0 des fins de marketing en ligne, par exemple.<br><br>Les cookies peuvent \u00eatre d\u00e9sactiv\u00e9s ou supprim\u00e9s en partie ou en totalit\u00e9 \u00e0 tout moment dans les param\u00e8tres du navigateur. Sans cookies, notre site web ne sera \u00e9ventuellement plus disponible dans son int\u00e9gralit\u00e9. Nous demandons activement - au moins si et dans la mesure o\u00f9 cela est n\u00e9cessaire - le consentement explicite \u00e0 l'utilisation de cookies. Pour les cookies utilis\u00e9s \u00e0 des fins de mesure de la r\u00e9ussite et de la port\u00e9e ou \u00e0 des fins publicitaires, il est possible de s'opposer de mani\u00e8re g\u00e9n\u00e9rale (\"opt-out\") \u00e0 l'utilisation de ces cookies pour de nombreux services via l'interface utilisateur.&nbsp;<a rel=\"noreferrer noopener\" href=\"https:\/\/youradchoices.ca\/\" target=\"_blank\"><strong>AdChoices<\/strong><\/a>&nbsp;(Digital Advertising Alliance of Canada), la&nbsp;<a rel=\"noreferrer noopener\" href=\"https:\/\/optout.networkadvertising.org\/\" target=\"_blank\"><strong>Initiative de publicit\u00e9 en r\u00e9seau<\/strong><\/a>&nbsp;(NAI),&nbsp;<a rel=\"noreferrer noopener\" href=\"https:\/\/optout.aboutads.info\/\" target=\"_blank\"><strong>YourAdChoices<\/strong><\/a>&nbsp;(Digital Advertising Alliance) ou&nbsp;<a rel=\"noreferrer noopener\" href=\"https:\/\/www.youronlinechoices.com\/ch-de\/praferenzmanagement\" target=\"_blank\"><strong>Vos choix en ligne<\/strong><\/a>&nbsp;(European Interactive Digital Advertising Alliance, EDAA).<\/p>\n\n\n\n<div style=\"height:100px\" aria-hidden=\"true\" class=\"wp-block-spacer is-style-small\"><\/div>\n\n\n\n<h4 class=\"wp-block-heading\">8.2 Fichiers journaux du serveur<\/h4>\n\n\n\n<p>Nous pouvons collecter les informations suivantes pour chaque acc\u00e8s \u00e0 notre site web, dans la mesure o\u00f9 elles sont transmises par votre navigateur \u00e0 notre infrastructure de serveur ou peuvent \u00eatre d\u00e9termin\u00e9es par notre serveur web : la date et l'heure, y compris le fuseau horaire, l'adresse IP (Internet Protocol), le statut d'acc\u00e8s (code d'\u00e9tat HTTP), le syst\u00e8me d'exploitation, y compris l'interface utilisateur et la version, le navigateur, y compris la langue et la version, la sous-page de notre site web consult\u00e9e, y compris la quantit\u00e9 de donn\u00e9es transmises, la derni\u00e8re page web consult\u00e9e dans la m\u00eame fen\u00eatre du navigateur (r\u00e9f\u00e9rent ou referrer).<br><br>Nous enregistrons ces informations, qui peuvent \u00e9galement constituer des donn\u00e9es personnelles, dans des fichiers journaux du serveur. Ces indications sont n\u00e9cessaires pour mettre \u00e0 disposition notre site web de mani\u00e8re durable, conviviale et fiable ainsi que pour pouvoir garantir la s\u00e9curit\u00e9 des donn\u00e9es et donc en particulier la protection des donn\u00e9es personnelles - \u00e9galement par des tiers ou avec l'aide de tiers.<\/p>\n\n\n\n<div style=\"height:100px\" aria-hidden=\"true\" class=\"wp-block-spacer is-style-small\"><\/div>\n\n\n\n<h4 class=\"wp-block-heading\">8.3 Pixels de suivi<\/h4>\n\n\n\n<p>Nous pouvons utiliser des pixels de suivi sur notre site web. Les pixels sont \u00e9galement appel\u00e9s balises web. Les pixels - \u00e9galement ceux de tiers dont nous utilisons les services - sont de petites images g\u00e9n\u00e9ralement invisibles qui sont automatiquement appel\u00e9es lors de la visite de notre site web. Les pixels de suivi permettent de collecter les m\u00eames informations que les fichiers journaux du serveur.<\/p>\n\n\n\n<div style=\"height:100px\" aria-hidden=\"true\" class=\"wp-block-spacer is-style-normal\"><\/div>\n\n\n\n<h3 class=\"wp-block-heading\">9. les m\u00e9dias sociaux<\/h3>\n\n\n\n<p>Nous sommes pr\u00e9sents sur des plateformes de m\u00e9dias sociaux et d'autres plateformes en ligne afin de pouvoir communiquer avec les personnes int\u00e9ress\u00e9es et de les informer de nos activit\u00e9s et de nos activit\u00e9s. Dans le cadre de ces plateformes, des donn\u00e9es personnelles peuvent \u00e9galement \u00eatre trait\u00e9es en dehors de la Suisse.<br>Les conditions g\u00e9n\u00e9rales de vente (CGV) et les conditions d'utilisation ainsi que les d\u00e9clarations de protection des donn\u00e9es et autres dispositions des diff\u00e9rents exploitants de ces plateformes s'appliquent \u00e9galement. Ces dispositions informent notamment sur les droits des personnes concern\u00e9es directement vis-\u00e0-vis de la plateforme en question, ce qui inclut par exemple le droit d'acc\u00e8s.<\/p>\n\n\n\n<div style=\"height:100px\" aria-hidden=\"true\" class=\"wp-block-spacer is-style-normal\"><\/div>\n\n\n\n<h3 class=\"wp-block-heading\">10. services de tiers<\/h3>\n\n\n\n<p>Nous utilisons les services de tiers sp\u00e9cialis\u00e9s afin de pouvoir exercer nos activit\u00e9s et nos op\u00e9rations de mani\u00e8re durable, conviviale, s\u00fbre et fiable. Ces services nous permettent entre autres d'int\u00e9grer des fonctions et des contenus dans notre site web. Lors d'une telle int\u00e9gration, les services utilis\u00e9s saisissent au moins temporairement les adresses Internet Protocol (IP) des utilisateurs pour des raisons techniques imp\u00e9ratives.<br>Pour des raisons de s\u00e9curit\u00e9, statistiques et techniques, les tiers dont nous utilisons les services peuvent traiter des donn\u00e9es agr\u00e9g\u00e9es, anonymes ou pseudonymis\u00e9es en rapport avec nos activit\u00e9s. Il s'agit par exemple de donn\u00e9es relatives aux performances ou \u00e0 l'utilisation, afin de pouvoir proposer le service concern\u00e9.<\/p>\n\n\n\n<div style=\"height:100px\" aria-hidden=\"true\" class=\"wp-block-spacer is-style-small\"><\/div>\n\n\n\n<h4 class=\"wp-block-heading\">10.1 Services de tiers<\/h4>\n\n\n\n<p>Nous utilisons les services de tiers sp\u00e9cialis\u00e9s afin de pouvoir recourir \u00e0 l'infrastructure num\u00e9rique n\u00e9cessaire dans le cadre de nos activit\u00e9s et de nos op\u00e9rations. Il s'agit par exemple de services d'h\u00e9bergement et de stockage fournis par des fournisseurs s\u00e9lectionn\u00e9s.<br><br>Nous utilisons notamment<br><br><strong>Metanet<br><\/strong>H\u00e9bergement ; fournisseur : Metanet, Josefstrasse 218, 8005 Z\u00fcrichGmbH (Suisse) ; informations sur la protection des donn\u00e9es : https:\/\/www.metanet.ch\/de\/ueber-metanet\/datenschutzerklaerung<br><br><strong>Les donn\u00e9es susmentionn\u00e9es sont trait\u00e9es par nos soins aux fins suivantes :<\/strong><br>garantir le bon \u00e9tablissement de la connexion au site web, assurer une utilisation confortable et une pr\u00e9sentation fiable de notre site web, \u00e9valuer la s\u00e9curit\u00e9 et la stabilit\u00e9 du syst\u00e8me ainsi qu'\u00e0 d'autres fins administratives et en cas d'utilisation ill\u00e9gale de notre site web ou de nos services.<br>Dans le champ d'application du RGPD, le traitement de ces donn\u00e9es est effectu\u00e9 sur la base de notre int\u00e9r\u00eat l\u00e9gitime (article 6, paragraphe 1, point f) du RGPD) conform\u00e9ment aux finalit\u00e9s \u00e9num\u00e9r\u00e9es ci-dessus.<\/p>\n\n\n\n<div style=\"height:100px\" aria-hidden=\"true\" class=\"wp-block-spacer is-style-normal\"><\/div>\n\n\n\n<h3 class=\"wp-block-heading\">11. mesure de la r\u00e9ussite et de la port\u00e9e<\/h3>\n\n\n\n<p>Nous utilisons des services et des programmes pour d\u00e9terminer comment notre offre en ligne est utilis\u00e9e. Dans ce cadre, nous pouvons par exemple mesurer le succ\u00e8s et la port\u00e9e de nos activit\u00e9s et activit\u00e9s ainsi que l'effet des liens de tiers vers notre site web. Mais nous pouvons aussi, par exemple, essayer et comparer comment diff\u00e9rentes versions de notre offre en ligne ou diff\u00e9rentes parties de notre offre en ligne sont utilis\u00e9es (m\u00e9thode \"A\/B test\"). Sur la base des r\u00e9sultats de la mesure du succ\u00e8s et de la port\u00e9e, nous pouvons notamment corriger des erreurs, renforcer les contenus populaires ou apporter des am\u00e9liorations \u00e0 notre offre en ligne.<br><br>Lors de l'utilisation de services et de programmes de mesure de la r\u00e9ussite et de la port\u00e9e, les adresses Internet Protocol (IP) des diff\u00e9rents utilisateurs doivent \u00eatre enregistr\u00e9es. Les adresses IP sont en principe raccourcies (\"masquage IP\") afin de respecter le principe de minimisation des donn\u00e9es gr\u00e2ce \u00e0 la pseudonymisation correspondante et d'am\u00e9liorer ainsi la protection des donn\u00e9es des utilisateurs et utilisatrices.<br><br>Lors de l'utilisation de services et de programmes de mesure d'audience et de succ\u00e8s, des cookies peuvent \u00eatre utilis\u00e9s et des profils d'utilisateurs peuvent \u00eatre cr\u00e9\u00e9s. Les profils d'utilisateurs comprennent par exemple les pages visit\u00e9es ou les contenus consult\u00e9s sur notre site web, des indications sur la taille de l'\u00e9cran ou de la fen\u00eatre du navigateur et l'emplacement - au moins approximatif -. En principe, les profils d'utilisateurs sont cr\u00e9\u00e9s exclusivement sous forme de pseudonymes. Nous n'utilisons pas les profils d'utilisateurs pour identifier les utilisateurs individuels. Certains services de tiers auxquels les utilisateurs sont inscrits peuvent \u00e9ventuellement associer l'utilisation de notre offre en ligne au compte ou au profil de l'utilisateur aupr\u00e8s du service concern\u00e9.<br><br><a rel=\"noreferrer noopener\" href=\"https:\/\/analytics.google.com\/analytics\/web\/\" target=\"_blank\"><strong>Google Analytics<\/strong>:&nbsp;<\/a>Mesure du succ\u00e8s et de la port\u00e9e ; fournisseur : Google ; donn\u00e9es sp\u00e9cifiques \u00e0 Google Analytics : Mesure \u00e9galement \u00e0 travers diff\u00e9rents navigateurs et appareils (Cross-Device Tracking) ainsi qu'avec des adresses Internet Protocol (IP) pseudonymis\u00e9es, qui ne peuvent \u00eatre utilis\u00e9es que par des tiers.&nbsp;<em>exceptionnellement<\/em>&nbsp;sont int\u00e9gralement transmises \u00e0 Google aux \u00c9tats-Unis, \"<a rel=\"noreferrer noopener\" href=\"https:\/\/support.google.com\/analytics\/answer\/6004245?hl=de\" target=\"_blank\"><strong>Protection des donn\u00e9es<\/strong><\/a>\", \"<a rel=\"noreferrer noopener\" href=\"https:\/\/tools.google.com\/dlpage\/gaoptout\" target=\"_blank\"><strong>Module compl\u00e9mentaire de navigateur pour la d\u00e9sactivation de Google Analytics<\/strong><\/a>\".<\/p>\n\n\n\n<div style=\"height:100px\" aria-hidden=\"true\" class=\"wp-block-spacer is-style-normal\"><\/div>\n\n\n\n<h3 class=\"wp-block-heading\">12) Dispositions finales<\/h3>\n\n\n\n<p>Nous pouvons \u00e0 tout moment adapter et compl\u00e9ter la pr\u00e9sente d\u00e9claration de protection des donn\u00e9es. Nous informerons de ces adaptations et compl\u00e9ments sous une forme appropri\u00e9e, notamment en publiant la d\u00e9claration de protection des donn\u00e9es en vigueur sur notre site Internet.<\/p>\n\n\n\n<div style=\"height:100px\" aria-hidden=\"true\" class=\"wp-block-spacer is-style-huge\"><\/div>","protected":false},"excerpt":{"rendered":"<p>Mentions l\u00e9gales Responsable du contenu Alliance for Implant Dentistry (AID)Neckarsulmstrasse 282540 Grenchen +41 32 644 32 80info@aid-foundation.ch Concept et design nuvio Werbeagentur GmbHEmmenhofstrasse 44552 Derendingennuvio-gmbh.ch R\u00e9alisation du site web Hayloft-IT GmbHBahnhofstrasse 505507 Mellingen www.hayloft-it.ch Protection des donn\u00e9es Par cette d\u00e9claration de protection des donn\u00e9es, nous informons sur les donn\u00e9es personnelles que nous traitons dans le cadre de nos activit\u00e9s et de nos op\u00e9rations, y compris notre site https:\/\/aid-foundation.com\/-Website. Nous informons notamment [...]<\/p>","protected":false},"author":1,"featured_media":0,"parent":0,"menu_order":0,"comment_status":"closed","ping_status":"open","template":"","meta":{"footnotes":""},"acf":[],"_links":{"self":[{"href":"https:\/\/aid-foundation.com\/fr\/wp-json\/wp\/v2\/pages\/3"}],"collection":[{"href":"https:\/\/aid-foundation.com\/fr\/wp-json\/wp\/v2\/pages"}],"about":[{"href":"https:\/\/aid-foundation.com\/fr\/wp-json\/wp\/v2\/types\/page"}],"author":[{"embeddable":true,"href":"https:\/\/aid-foundation.com\/fr\/wp-json\/wp\/v2\/users\/1"}],"replies":[{"embeddable":true,"href":"https:\/\/aid-foundation.com\/fr\/wp-json\/wp\/v2\/comments?post=3"}],"version-history":[{"count":12,"href":"https:\/\/aid-foundation.com\/fr\/wp-json\/wp\/v2\/pages\/3\/revisions"}],"predecessor-version":[{"id":1054,"href":"https:\/\/aid-foundation.com\/fr\/wp-json\/wp\/v2\/pages\/3\/revisions\/1054"}],"wp:attachment":[{"href":"https:\/\/aid-foundation.com\/fr\/wp-json\/wp\/v2\/media?parent=3"}],"curies":[{"name":"wp","href":"https:\/\/api.w.org\/{rel}","templated":true}]}}